{"id":10669,"date":"2022-03-22T18:55:35","date_gmt":"2022-03-22T17:55:35","guid":{"rendered":"https:\/\/perello.debonatinta.com\/el-rebost\/"},"modified":"2025-11-07T10:39:58","modified_gmt":"2025-11-07T09:39:58","slug":"el-rebost","status":"publish","type":"page","link":"https:\/\/www.meldelperello.com\/fr\/el-rebost\/","title":{"rendered":"El rebost"},"content":{"rendered":"<div class=\"wpb-content-wrapper\"><p>[vc_row bg_type=&#8221;image&#8221; parallax_style=&#8221;vcpb-default&#8221; bg_image_new=&#8221;id^12281|url^https:\/\/www.meldelperello.com\/wp-content\/uploads\/2025\/11\/IMG_5129-scaled.jpg|caption^null|alt^null|title^IMG_5129|description^null&#8221; bg_image_repeat=&#8221;no-repeat&#8221; bg_override=&#8221;full&#8221; enable_overlay=&#8221;enable_overlay_value&#8221; overlay_color=&#8221;rgba(0,0,0,0.4)&#8221; overlay_pattern=&#8221;transperant&#8221; el_class=&#8221;blanco&#8221; css=&#8221;.vc_custom_1762508395282{padding-top: 110px !important;padding-bottom: 80px !important;}&#8221;][vc_column][vc_column_text css=&#8221;.vc_custom_1647969292923{margin-bottom: 5px !important;}&#8221;]<\/p>\n<h3 style=\"text-align: center;\">L&#8217;AVI LLU\u00cdS<\/h3>\n<p>[\/vc_column_text][vc_column_text el_class=&#8221;nosaltres_h1&#8243;]<\/p>\n<h1 style=\"text-align: center;\"><strong>EL REBOST, NOTRE BOUTIQUE AGROALIMENTAIRE<\/strong><\/h1>\n<p>[\/vc_column_text][vc_btn title=&#8221;Comprar online&#8221; style=&#8221;outline-custom&#8221; outline_custom_color=&#8221;#ffffff&#8221; outline_custom_hover_background=&#8221;&#8221; outline_custom_hover_text=&#8221;#ffffff&#8221; shape=&#8221;square&#8221; align=&#8221;center&#8221; link=&#8221;url:https%3A%2F%2Fwww.rebostavilluis.com%2F|target:_blank&#8221; el_class=&#8221;transparente&#8221;][\/vc_column][\/vc_row][vc_row el_class=&#8221;nosaltres_h2&#8243; css=&#8221;.vc_custom_1647970616266{padding-top: 40px !important;padding-bottom: 40px !important;}&#8221;][vc_column][vc_column_text css=&#8221;.vc_custom_1664954976858{margin-bottom: 80px !important;}&#8221;]<\/p>\n<p align=\"center\"><b>HORAIRES<\/b><\/p>\n<p align=\"center\">Du lundi au vendredi : 9 \u2013 13 h et 16 \u2013 20 h<br \/>\nSamedi : 9:30 \u2013 13:30 h<\/p>\n<p align=\"center\"><b>ADRESSE<\/b><\/p>\n<p align=\"center\">POL\u00cdGON INDUSTRIAL \u201cPLA DE SOLANS\u201d 1-D<br \/>\nEL PERELL\u00d3 43519 (TARRAGONA)<\/p>\n<p>[\/vc_column_text][vc_column_text css=&#8221;.vc_custom_1654438744819{margin-bottom: 50px !important;}&#8221;]<\/p>\n<h3 style=\"text-align: center;\"><strong>LES NOSTRES MELS I PRODUCTES DE LA TERRA DE QUALITAT.<\/strong><br \/>\n<strong>VISITA\u2019NS I DESCOBREIX ELS NOSTRES PETITS GRANS PLAERS.<\/strong><\/h3>\n<p style=\"text-align: center;\">Ens encanta la nostra feina i mostrar-ne els fruits, i compartir-los.<\/p>\n<p>Nous sommes passionn\u00e9s par notre travail et adorons en partager les fruits.<\/p>\n<p>Venez visiter le Rebost et <strong>go\u00fbter<\/strong> nos miels, <strong>d\u00e9couvrir<\/strong> les produits issus de l\u2019apiculture : le pollen, les bougies en cire naturelle, la propolis, les bonbons au miel, et laissez-vous <strong>surprendre<\/strong> par des produits du terroir de grande qualit\u00e9, tels que l\u2019huile d\u2019olive vierge extra, la charcuterie et les fromages, les confitures exquises, les p\u00e2t\u00e9s de foie, les vins et cavas de choix, divers produits cosm\u00e9tiques naturels, et bien plus encore.<br \/>\nNous \u00e9laborons aussi des lots personnalis\u00e9s. Pour se r\u00e9galer \u00e0 la maison ou pour offrir. Nous vous attendons ![\/vc_column_text][vc_column_text css=&#8221;.vc_custom_1654438822653{margin-bottom: 50px !important;}&#8221;]<\/p>\n<h3 style=\"text-align: center;\"><strong>MIEL \u00c0 DOMICILE<\/strong><\/h3>\n<p style=\"text-align: center;\">Si vous pr\u00e9f\u00e9rez, vous pouvez acheter les produits de l\u2019Avi Llu\u00eds sur notre boutique en ligne El Rebost et vous faire livrer chez vous. #avilluisadomicile<\/p>\n<p>[\/vc_column_text][vc_column_text css=&#8221;.vc_custom_1654438840381{margin-bottom: 0px !important;}&#8221;]<\/p>\n<h3 style=\"text-align: center;\">EL REBOST DE L\u2019AVI LLU\u00cdS EN LIGNE<\/h3>\n<p>[\/vc_column_text][vc_column_text]<\/p>\n<h2 style=\"text-align: center; font-size: 28px; letter-spacing: 0.1em; line-height: 1.1em;\"><strong><b>ACHETEZ DU MIEL EN LIGNE<br \/>\nET RECEVEZ-LE CHEZ VOUS<\/b><br \/>\n<\/strong><\/h2>\n<p>[\/vc_column_text][vc_btn title=&#8221;Acheter en ligne&#8221; style=&#8221;outline&#8221; shape=&#8221;square&#8221; color=&#8221;black&#8221; align=&#8221;center&#8221; css=&#8221;.vc_custom_1654439068521{margin-bottom: 60px !important;}&#8221; link=&#8221;url:https%3A%2F%2Fwww.rebostavilluis.com%2F|target:_blank&#8221; el_class=&#8221;transparente negro&#8221;][vc_single_image image=&#8221;12285&#8243; img_size=&#8221;full&#8221; alignment=&#8221;center&#8221; css=&#8221;&#8221;][\/vc_column][\/vc_row][vc_row full_width=&#8221;stretch_row_content_no_spaces&#8221; css=&#8221;.vc_custom_1647971502225{margin-bottom: 0px !important;}&#8221;][vc_column][vc_gmaps link=&#8221;#E-8_JTNDaWZyYW1lJTIwc3JjJTNEJTIyaHR0cHMlM0ElMkYlMkZ3d3cuZ29vZ2xlLmNvbSUyRm1hcHMlMkZlbWJlZCUzRnBiJTNEJTIxMW0xOCUyMTFtMTIlMjExbTMlMjExZDMwMTYuNTc2NjQ5OTE1ODg3NiUyMTJkMC43MTUyODUzMTYxOTk3MzcyJTIxM2Q0MC44ODExNjM5NzkzMTM3MiUyMTJtMyUyMTFmMCUyMTJmMCUyMTNmMCUyMTNtMiUyMTFpMTAyNCUyMTJpNzY4JTIxNGYxMy4xJTIxM20zJTIxMW0yJTIxMXMweDEyYTExZWIzNjgzZjU5ZDElMjUzQTB4NThiNzlmOTZiZDU3MTcxZiUyMTJzbCUyNiUyMzM5JTNCQXZpJTI1MjBMbHVpcyUyMTVlMCUyMTNtMiUyMTFzZXMlMjEyc2VzJTIxNHYxNjQ3OTcwODYzMzYxJTIxNW0yJTIxMXNlcyUyMTJzZXMlMjIlMjB3aWR0aCUzRCUyMjYwMCUyMiUyMGhlaWdodCUzRCUyMjQ1MCUyMiUyMHN0eWxlJTNEJTIyYm9yZGVyJTNBMCUzQiUyMiUyMGFsbG93ZnVsbHNjcmVlbiUzRCUyMiUyMiUyMGxvYWRpbmclM0QlMjJsYXp5JTIyJTNFJTNDJTJGaWZyYW1lJTNF&#8221; size=&#8221;500&#8243; css=&#8221;.vc_custom_1647971534609{margin-bottom: 0px !important;}&#8221;][\/vc_column][\/vc_row]<\/p>\n<\/div>","protected":false},"excerpt":{"rendered":"<p>[vc_row bg_type=&#8221;image&#8221; parallax_style=&#8221;vcpb-default&#8221; bg_image_new=&#8221;id^12281|url^https:\/\/www.meldelperello.com\/wp-content\/uploads\/2025\/11\/IMG_5129-scaled.jpg|caption^null|alt^null|title^IMG_5129|description^null&#8221; bg_image_repeat=&#8221;no-repeat&#8221; bg_override=&#8221;full&#8221; enable_overlay=&#8221;enable_overlay_value&#8221; overlay_color=&#8221;rgba(0,0,0,0.4)&#8221; overlay_pattern=&#8221;transperant&#8221; el_class=&#8221;blanco&#8221; css=&#8221;.vc_custom_1762508395282{padding-top: 110px !important;padding-bottom: 80px !important;}&#8221;][vc_column][vc_column_text css=&#8221;.vc_custom_1647969292923{margin-bottom: 5px !important;}&#8221;] L&#8217;AVI LLU\u00cdS [\/vc_column_text][vc_column_text el_class=&#8221;nosaltres_h1&#8243;] EL REBOST, NOTRE BOUTIQUE AGROALIMENTAIRE [\/vc_column_text][vc_btn title=&#8221;Comprar online&#8221; style=&#8221;outline-custom&#8221; outline_custom_color=&#8221;#ffffff&#8221; outline_custom_hover_background=&#8221;&#8221; outline_custom_hover_text=&#8221;#ffffff&#8221; shape=&#8221;square&#8221; align=&#8221;center&#8221; link=&#8221;url:https%3A%2F%2Fwww.rebostavilluis.com%2F|target:_blank&#8221; el_class=&#8221;transparente&#8221;][\/vc_column][\/vc_row][vc_row el_class=&#8221;nosaltres_h2&#8243; css=&#8221;.vc_custom_1647970616266{padding-top: 40px !important;padding-bottom: 40px !important;}&#8221;][vc_column][vc_column_text css=&#8221;.vc_custom_1664954976858{margin-bottom: 80px !important;}&#8221;] HORAIRES Du lundi au vendredi : 9 \u2013&hellip;<\/p>\n","protected":false},"author":1,"featured_media":0,"parent":0,"menu_order":0,"comment_status":"closed","ping_status":"closed","template":"","meta":{"inline_featured_image":false,"footnotes":""},"class_list":["post-10669","page","type-page","status-publish","hentry","description-off"],"yoast_head":"<!-- This site is optimized with the Yoast SEO plugin v27.3 - https:\/\/yoast.com\/product\/yoast-seo-wordpress\/ -->\n<title>El rebost - L&#039;Avi Llu\u00eds<\/title>\n<meta name=\"description\" content=\"El Rebost de l\u2019avi Llu\u00eds \u00e9s una botiga \u2705 Especialitzada en productes alimentaris d\u2019alta qualitat, destacant sobretot la mel de collita pr\u00f2pia.\" \/>\n<meta name=\"robots\" content=\"index, follow, max-snippet:-1, max-image-preview:large, max-video-preview:-1\" \/>\n<link rel=\"canonical\" href=\"https:\/\/www.meldelperello.com\/fr\/el-rebost\/\" \/>\n<meta property=\"og:locale\" content=\"fr_FR\" \/>\n<meta property=\"og:type\" content=\"article\" \/>\n<meta property=\"og:title\" content=\"El rebost - L&#039;Avi Llu\u00eds\" \/>\n<meta property=\"og:description\" content=\"El Rebost de l\u2019avi Llu\u00eds \u00e9s una botiga \u2705 Especialitzada en productes alimentaris d\u2019alta qualitat, destacant sobretot la mel de collita pr\u00f2pia.\" \/>\n<meta property=\"og:url\" content=\"https:\/\/www.meldelperello.com\/fr\/el-rebost\/\" \/>\n<meta property=\"og:site_name\" content=\"L&#039;Avi Llu\u00eds\" \/>\n<meta property=\"article:publisher\" content=\"https:\/\/www.facebook.com\/avi.lluis\/\" \/>\n<meta property=\"article:modified_time\" content=\"2025-11-07T09:39:58+00:00\" \/>\n<meta name=\"twitter:card\" content=\"summary_large_image\" \/>\n<meta name=\"twitter:label1\" content=\"Dur\u00e9e de lecture estim\u00e9e\" \/>\n\t<meta name=\"twitter:data1\" content=\"2 minutes\" \/>\n<script type=\"application\/ld+json\" class=\"yoast-schema-graph\">{\"@context\":\"https:\\\/\\\/schema.org\",\"@graph\":[{\"@type\":\"WebPage\",\"@id\":\"https:\\\/\\\/www.meldelperello.com\\\/fr\\\/el-rebost\\\/\",\"url\":\"https:\\\/\\\/www.meldelperello.com\\\/fr\\\/el-rebost\\\/\",\"name\":\"El rebost - L&#039;Avi Llu\u00eds\",\"isPartOf\":{\"@id\":\"https:\\\/\\\/www.meldelperello.com\\\/fr\\\/#website\"},\"datePublished\":\"2022-03-22T17:55:35+00:00\",\"dateModified\":\"2025-11-07T09:39:58+00:00\",\"description\":\"El Rebost de l\u2019avi Llu\u00eds \u00e9s una botiga \u2705 Especialitzada en productes alimentaris d\u2019alta qualitat, destacant sobretot la mel de collita pr\u00f2pia.\",\"breadcrumb\":{\"@id\":\"https:\\\/\\\/www.meldelperello.com\\\/fr\\\/el-rebost\\\/#breadcrumb\"},\"inLanguage\":\"fr-FR\",\"potentialAction\":[{\"@type\":\"ReadAction\",\"target\":[\"https:\\\/\\\/www.meldelperello.com\\\/fr\\\/el-rebost\\\/\"]}]},{\"@type\":\"BreadcrumbList\",\"@id\":\"https:\\\/\\\/www.meldelperello.com\\\/fr\\\/el-rebost\\\/#breadcrumb\",\"itemListElement\":[{\"@type\":\"ListItem\",\"position\":1,\"name\":\"Inici\",\"item\":\"https:\\\/\\\/www.meldelperello.com\\\/fr\\\/\"},{\"@type\":\"ListItem\",\"position\":2,\"name\":\"El rebost\"}]},{\"@type\":\"WebSite\",\"@id\":\"https:\\\/\\\/www.meldelperello.com\\\/fr\\\/#website\",\"url\":\"https:\\\/\\\/www.meldelperello.com\\\/fr\\\/\",\"name\":\"L&#039;Avi Llu\u00eds\",\"description\":\"Apicultors i productors de mel natural, pura i artesana\",\"publisher\":{\"@id\":\"https:\\\/\\\/www.meldelperello.com\\\/fr\\\/#organization\"},\"potentialAction\":[{\"@type\":\"SearchAction\",\"target\":{\"@type\":\"EntryPoint\",\"urlTemplate\":\"https:\\\/\\\/www.meldelperello.com\\\/fr\\\/?s={search_term_string}\"},\"query-input\":{\"@type\":\"PropertyValueSpecification\",\"valueRequired\":true,\"valueName\":\"search_term_string\"}}],\"inLanguage\":\"fr-FR\"},{\"@type\":\"Organization\",\"@id\":\"https:\\\/\\\/www.meldelperello.com\\\/fr\\\/#organization\",\"name\":\"L'Avi Llu\u00eds\",\"url\":\"https:\\\/\\\/www.meldelperello.com\\\/fr\\\/\",\"logo\":{\"@type\":\"ImageObject\",\"inLanguage\":\"fr-FR\",\"@id\":\"https:\\\/\\\/www.meldelperello.com\\\/fr\\\/#\\\/schema\\\/logo\\\/image\\\/\",\"url\":\"https:\\\/\\\/www.meldelperello.com\\\/wp-content\\\/uploads\\\/2022\\\/02\\\/logo.svg\",\"contentUrl\":\"https:\\\/\\\/www.meldelperello.com\\\/wp-content\\\/uploads\\\/2022\\\/02\\\/logo.svg\",\"width\":137,\"height\":121,\"caption\":\"L'Avi Llu\u00eds\"},\"image\":{\"@id\":\"https:\\\/\\\/www.meldelperello.com\\\/fr\\\/#\\\/schema\\\/logo\\\/image\\\/\"},\"sameAs\":[\"https:\\\/\\\/www.facebook.com\\\/avi.lluis\\\/\",\"https:\\\/\\\/www.instagram.com\\\/avilluis_meldelperello\\\/\",\"https:\\\/\\\/www.youtube.com\\\/c\\\/MeldelperelloAviLluis\"]}]}<\/script>\n<!-- \/ Yoast SEO plugin. -->","yoast_head_json":{"title":"El rebost - L&#039;Avi Llu\u00eds","description":"El Rebost de l\u2019avi Llu\u00eds \u00e9s una botiga \u2705 Especialitzada en productes alimentaris d\u2019alta qualitat, destacant sobretot la mel de collita pr\u00f2pia.","robots":{"index":"index","follow":"follow","max-snippet":"max-snippet:-1","max-image-preview":"max-image-preview:large","max-video-preview":"max-video-preview:-1"},"canonical":"https:\/\/www.meldelperello.com\/fr\/el-rebost\/","og_locale":"fr_FR","og_type":"article","og_title":"El rebost - L&#039;Avi Llu\u00eds","og_description":"El Rebost de l\u2019avi Llu\u00eds \u00e9s una botiga \u2705 Especialitzada en productes alimentaris d\u2019alta qualitat, destacant sobretot la mel de collita pr\u00f2pia.","og_url":"https:\/\/www.meldelperello.com\/fr\/el-rebost\/","og_site_name":"L&#039;Avi Llu\u00eds","article_publisher":"https:\/\/www.facebook.com\/avi.lluis\/","article_modified_time":"2025-11-07T09:39:58+00:00","twitter_card":"summary_large_image","twitter_misc":{"Dur\u00e9e de lecture estim\u00e9e":"2 minutes"},"schema":{"@context":"https:\/\/schema.org","@graph":[{"@type":"WebPage","@id":"https:\/\/www.meldelperello.com\/fr\/el-rebost\/","url":"https:\/\/www.meldelperello.com\/fr\/el-rebost\/","name":"El rebost - L&#039;Avi Llu\u00eds","isPartOf":{"@id":"https:\/\/www.meldelperello.com\/fr\/#website"},"datePublished":"2022-03-22T17:55:35+00:00","dateModified":"2025-11-07T09:39:58+00:00","description":"El Rebost de l\u2019avi Llu\u00eds \u00e9s una botiga \u2705 Especialitzada en productes alimentaris d\u2019alta qualitat, destacant sobretot la mel de collita pr\u00f2pia.","breadcrumb":{"@id":"https:\/\/www.meldelperello.com\/fr\/el-rebost\/#breadcrumb"},"inLanguage":"fr-FR","potentialAction":[{"@type":"ReadAction","target":["https:\/\/www.meldelperello.com\/fr\/el-rebost\/"]}]},{"@type":"BreadcrumbList","@id":"https:\/\/www.meldelperello.com\/fr\/el-rebost\/#breadcrumb","itemListElement":[{"@type":"ListItem","position":1,"name":"Inici","item":"https:\/\/www.meldelperello.com\/fr\/"},{"@type":"ListItem","position":2,"name":"El rebost"}]},{"@type":"WebSite","@id":"https:\/\/www.meldelperello.com\/fr\/#website","url":"https:\/\/www.meldelperello.com\/fr\/","name":"L&#039;Avi Llu\u00eds","description":"Apicultors i productors de mel natural, pura i artesana","publisher":{"@id":"https:\/\/www.meldelperello.com\/fr\/#organization"},"potentialAction":[{"@type":"SearchAction","target":{"@type":"EntryPoint","urlTemplate":"https:\/\/www.meldelperello.com\/fr\/?s={search_term_string}"},"query-input":{"@type":"PropertyValueSpecification","valueRequired":true,"valueName":"search_term_string"}}],"inLanguage":"fr-FR"},{"@type":"Organization","@id":"https:\/\/www.meldelperello.com\/fr\/#organization","name":"L'Avi Llu\u00eds","url":"https:\/\/www.meldelperello.com\/fr\/","logo":{"@type":"ImageObject","inLanguage":"fr-FR","@id":"https:\/\/www.meldelperello.com\/fr\/#\/schema\/logo\/image\/","url":"https:\/\/www.meldelperello.com\/wp-content\/uploads\/2022\/02\/logo.svg","contentUrl":"https:\/\/www.meldelperello.com\/wp-content\/uploads\/2022\/02\/logo.svg","width":137,"height":121,"caption":"L'Avi Llu\u00eds"},"image":{"@id":"https:\/\/www.meldelperello.com\/fr\/#\/schema\/logo\/image\/"},"sameAs":["https:\/\/www.facebook.com\/avi.lluis\/","https:\/\/www.instagram.com\/avilluis_meldelperello\/","https:\/\/www.youtube.com\/c\/MeldelperelloAviLluis"]}]}},"_links":{"self":[{"href":"https:\/\/www.meldelperello.com\/fr\/wp-json\/wp\/v2\/pages\/10669","targetHints":{"allow":["GET"]}}],"collection":[{"href":"https:\/\/www.meldelperello.com\/fr\/wp-json\/wp\/v2\/pages"}],"about":[{"href":"https:\/\/www.meldelperello.com\/fr\/wp-json\/wp\/v2\/types\/page"}],"author":[{"embeddable":true,"href":"https:\/\/www.meldelperello.com\/fr\/wp-json\/wp\/v2\/users\/1"}],"replies":[{"embeddable":true,"href":"https:\/\/www.meldelperello.com\/fr\/wp-json\/wp\/v2\/comments?post=10669"}],"version-history":[{"count":9,"href":"https:\/\/www.meldelperello.com\/fr\/wp-json\/wp\/v2\/pages\/10669\/revisions"}],"predecessor-version":[{"id":12294,"href":"https:\/\/www.meldelperello.com\/fr\/wp-json\/wp\/v2\/pages\/10669\/revisions\/12294"}],"wp:attachment":[{"href":"https:\/\/www.meldelperello.com\/fr\/wp-json\/wp\/v2\/media?parent=10669"}],"curies":[{"name":"wp","href":"https:\/\/api.w.org\/{rel}","templated":true}]}}