{"id":10523,"date":"2022-03-29T17:10:58","date_gmt":"2022-03-29T15:10:58","guid":{"rendered":"https:\/\/perello.debonatinta.com\/produits\/oli-oliva\/"},"modified":"2022-07-19T11:24:42","modified_gmt":"2022-07-19T09:24:42","slug":"huile-olive","status":"publish","type":"page","link":"https:\/\/www.meldelperello.com\/fr\/produits\/huile-olive\/","title":{"rendered":"HUILE D\u2019OLIVE"},"content":{"rendered":"<div class=\"wpb-content-wrapper\"><p>[vc_row gap=&#8221;25&#8243; equal_height=&#8221;yes&#8221; bg_type=&#8221;image&#8221; parallax_style=&#8221;vcpb-default&#8221; bg_image_new=&#8221;id^9875|url^https:\/\/www.meldelperello.com\/wp-content\/uploads\/2022\/04\/Recurso-1ilu-olivera.jpg|caption^null|alt^null|title^Recurso-1ilu-olivera|description^null&#8221; bg_image_repeat=&#8221;no-repeat&#8221; el_class=&#8221;producto&#8221; css=&#8221;.vc_custom_1649761649369{padding-top: 0px !important;padding-right: 0px !important;padding-bottom: 0px !important;padding-left: 0px !important;}&#8221;][vc_column width=&#8221;5\/12&#8243; css=&#8221;.vc_custom_1648566347147{margin-top: 0px !important;margin-right: 0px !important;margin-bottom: 0px !important;margin-left: 0px !important;padding-top: 0px !important;padding-right: 0px !important;padding-bottom: 0px !important;padding-left: 0px !important;}&#8221;][vc_column_text css=&#8221;.vc_custom_1654081087120{margin-bottom: 200px !important;padding-top: 40px !important;padding-right: 30px !important;padding-bottom: 40px !important;padding-left: 30px !important;background-color: rgba(255,255,255,0.79) !important;*background-color: rgb(255,255,255) !important;}&#8221;]<\/p>\n<h1><strong>HUILE D\u2019OLIVE DE L\u2019AVI LLU\u00cdS<\/strong><\/h1>\n<h2>L\u2019or liquide de nos terres. Extra. Exquise.<\/h2>\n<p>El Perell\u00f3 est une terre aride d\u2019oliviers, amandiers et caroubiers. On dit toujours que pour \u00eatre un bon \u00ab perellonenc \u00bb, il faut avoir un bout de terre. Chez Ap\u00edcola Brull Casanova SCCL, on prend ce dicton \u00e0 la lettre, avec plus d\u2019un millier d\u2019oliviers h\u00e9rit\u00e9s de plusieurs g\u00e9n\u00e9rations. Nous cueillons les olives en hiver, quand les abeilles profitent d\u2019un repos annuel bien m\u00e9rit\u00e9.[\/vc_column_text][\/vc_column][vc_column width=&#8221;7\/12&#8243;][\/vc_column][\/vc_row][vc_row][vc_column][vc_column_text css=&#8221;.vc_custom_1654081103162{margin-bottom: 60px !important;}&#8221;]Nous cueillons les olives directement sur l\u2019arbre. L\u2019extraction est de premi\u00e8re pression \u00e0 froid et sans aucun processus chimique. De cette mani\u00e8re, nous produisons une huile d\u2019olive vierge extra de moins de 0,5 \u00baC d\u2019acidit\u00e9.<\/p>\n<p>L\u2019huile produite sur les Terres de l\u2019\u00c8bre, plus concr\u00e8tement \u00e0 El Perell\u00f3, est de vari\u00e9t\u00e9s \u00ab\u00a0Morruda\u00a0\u00bb et \u00ab\u00a0Sevillenca\u00a0\u00bb. Celles-ci donnent \u00e0 notre huile d\u2019olive vierge extra une saveur fruit\u00e9e, l\u00e9g\u00e8rement sucr\u00e9e, aux touches am\u00e8res et piquantes. Sa couleur est jaun\u00e2tre, presque verd\u00e2tre.[\/vc_column_text][\/vc_column][\/vc_row][vc_row][vc_column][vc_column_text]<\/p>\n<h3 style=\"text-align: center;\"><strong>EMBALLAGES<\/strong><\/h3>\n<p>[\/vc_column_text][\/vc_column][\/vc_row][vc_row css=&#8221;.vc_custom_1648567328993{margin-bottom: 20px !important;}&#8221; el_class=&#8221;formatos&#8221;][vc_column width=&#8221;1\/12&#8243;][\/vc_column][vc_column width=&#8221;10\/12&#8243;][vc_row_inner][vc_column_inner width=&#8221;1\/2&#8243;][vc_single_image image=&#8221;9980&#8243; img_size=&#8221;full&#8221; alignment=&#8221;center&#8221; image_hovers=&#8221;false&#8221; css=&#8221;.vc_custom_1652202360773{margin-bottom: 25px !important;}&#8221;][vc_column_text css=&#8221;.vc_custom_1658222654651{margin-bottom: 40px !important;}&#8221;]<\/p>\n<h3 style=\"text-align: center;\">Ref. 120006 \u2013 HUILE D\u2019OLIVE 250ML<\/h3>\n<p style=\"text-align: center;\"><strong>EAN-13: 8437013977951<\/strong><br \/>\n12 unit\u00e9s par bo\u00eete.<\/p>\n<p>[\/vc_column_text][\/vc_column_inner][vc_column_inner width=&#8221;1\/2&#8243;][vc_single_image image=&#8221;9984&#8243; img_size=&#8221;full&#8221; alignment=&#8221;center&#8221; image_hovers=&#8221;false&#8221; css=&#8221;.vc_custom_1652202374857{margin-bottom: 25px !important;}&#8221;][vc_column_text css=&#8221;.vc_custom_1654081170584{margin-bottom: 40px !important;}&#8221;]<\/p>\n<h3 style=\"text-align: center;\">Ref. 120005 \u2013 HUILE D\u2019OLIVE 0.5L<\/h3>\n<p style=\"text-align: center;\"><strong>EAN-13: 8437001517930<\/strong><br \/>\n12 unit\u00e9s par bo\u00eete.<\/p>\n<p>[\/vc_column_text][\/vc_column_inner][\/vc_row_inner][vc_row_inner][vc_column_inner width=&#8221;1\/2&#8243;][vc_single_image image=&#8221;10790&#8243; img_size=&#8221;full&#8221; alignment=&#8221;center&#8221; image_hovers=&#8221;false&#8221; css=&#8221;.vc_custom_1658222672531{margin-bottom: 25px !important;}&#8221;][vc_column_text css=&#8221;.vc_custom_1658222628783{margin-bottom: 40px !important;}&#8221;]<\/p>\n<h3 style=\"text-align: center;\">Ref. 1200003 \u2013 HUILE D\u2019OLIVE 750ML<\/h3>\n<p style=\"text-align: center;\"><strong>EAN-13: 8437001517985<\/strong><br \/>\n12 unit\u00e9s par bo\u00eete.<\/p>\n<p>[\/vc_column_text][\/vc_column_inner][vc_column_inner width=&#8221;1\/2&#8243;][vc_single_image image=&#8221;9988&#8243; img_size=&#8221;full&#8221; alignment=&#8221;center&#8221; image_hovers=&#8221;false&#8221; css=&#8221;.vc_custom_1652202388829{margin-bottom: 25px !important;}&#8221;][vc_column_text css=&#8221;.vc_custom_1658222645101{margin-bottom: 40px !important;}&#8221;]<\/p>\n<h3 style=\"text-align: center;\">Ref. 120007 \u2013 HUILE D\u2019OLIVE 2L<\/h3>\n<p style=\"text-align: center;\"><strong>EAN-13: 8437013977944<\/strong><br \/>\n8 unit\u00e9s par bo\u00eete.<\/p>\n<p>[\/vc_column_text][\/vc_column_inner][\/vc_row_inner][\/vc_column][vc_column width=&#8221;1\/12&#8243;][\/vc_column][\/vc_row][vc_row css=&#8221;.vc_custom_1648567328993{margin-bottom: 20px !important;}&#8221; el_class=&#8221;formatos&#8221;][vc_column width=&#8221;1\/12&#8243;][\/vc_column][vc_column width=&#8221;10\/12&#8243;][vc_row_inner][vc_column_inner][vc_single_image image=&#8221;9976&#8243; img_size=&#8221;full&#8221; alignment=&#8221;center&#8221; image_hovers=&#8221;false&#8221; css=&#8221;.vc_custom_1652202403083{margin-bottom: 25px !important;}&#8221;][vc_column_text css=&#8221;.vc_custom_1654081202545{margin-bottom: 40px !important;}&#8221;]<\/p>\n<h3 style=\"text-align: center;\">Ref. 120001 \u2013 HUILE D\u2019OLIVE 5L<\/h3>\n<p style=\"text-align: center;\"><strong>EAN-13: 8437001517992<\/strong><br \/>\n4 unit\u00e9s par bo\u00eete.<\/p>\n<p>[\/vc_column_text][\/vc_column_inner][\/vc_row_inner][\/vc_column][vc_column width=&#8221;1\/12&#8243;][\/vc_column][\/vc_row][vc_row][vc_column][vc_btn title=&#8221;Pour d\u00e9couvrir l\u2019ensemble des huiles que nous proposons au Rebost de l\u2019Avi Llu\u00eds, cliquez ICI.&#8221; style=&#8221;outline&#8221; shape=&#8221;square&#8221; color=&#8221;black&#8221; align=&#8221;center&#8221; link=&#8221;url:https%3A%2F%2Fwww.rebostavilluis.com%2Foli-doliva-extra-verge%2F|target:_blank&#8221; css=&#8221;.vc_custom_1654081111001{margin-bottom: 70px !important;}&#8221; el_class=&#8221;bot_oli&#8221;][\/vc_column][\/vc_row][vc_row full_width=&#8221;stretch_row_content_no_spaces&#8221; bg_type=&#8221;image&#8221; parallax_style=&#8221;vcpb-vz-jquery&#8221; bg_image_new=&#8221;id^9888|url^https:\/\/www.meldelperello.com\/wp-content\/uploads\/2022\/04\/bg-10.jpg|caption^null|alt^null|title^bg|description^null&#8221; bg_image_repeat=&#8221;no-repeat&#8221; bg_override=&#8221;full&#8221; disable_on_mobile_img_parallax=&#8221;disable_on_mobile_img_parallax_value&#8221; el_class=&#8221;blanco poema&#8221;][vc_column][vc_empty_space height=&#8221;500&#8243;][\/vc_column][\/vc_row]<\/p>\n<\/div>","protected":false},"excerpt":{"rendered":"<p>[vc_row gap=&#8221;25&#8243; equal_height=&#8221;yes&#8221; bg_type=&#8221;image&#8221; parallax_style=&#8221;vcpb-default&#8221; bg_image_new=&#8221;id^9875|url^https:\/\/www.meldelperello.com\/wp-content\/uploads\/2022\/04\/Recurso-1ilu-olivera.jpg|caption^null|alt^null|title^Recurso-1ilu-olivera|description^null&#8221; bg_image_repeat=&#8221;no-repeat&#8221; el_class=&#8221;producto&#8221; css=&#8221;.vc_custom_1649761649369{padding-top: 0px !important;padding-right: 0px !important;padding-bottom: 0px !important;padding-left: 0px !important;}&#8221;][vc_column width=&#8221;5\/12&#8243; css=&#8221;.vc_custom_1648566347147{margin-top: 0px !important;margin-right: 0px !important;margin-bottom: 0px !important;margin-left: 0px !important;padding-top: 0px !important;padding-right: 0px !important;padding-bottom: 0px !important;padding-left: 0px !important;}&#8221;][vc_column_text css=&#8221;.vc_custom_1654081087120{margin-bottom: 200px !important;padding-top: 40px !important;padding-right: 30px !important;padding-bottom: 40px !important;padding-left: 30px !important;background-color: rgba(255,255,255,0.79) !important;*background-color: rgb(255,255,255) !important;}&#8221;] HUILE D\u2019OLIVE DE L\u2019AVI LLU\u00cdS&hellip;<\/p>\n","protected":false},"author":1,"featured_media":9984,"parent":10423,"menu_order":0,"comment_status":"closed","ping_status":"closed","template":"","meta":{"inline_featured_image":false,"footnotes":""},"class_list":["post-10523","page","type-page","status-publish","has-post-thumbnail","hentry","description-off"],"yoast_head":"<!-- This site is optimized with the Yoast SEO plugin v27.3 - https:\/\/yoast.com\/product\/yoast-seo-wordpress\/ -->\n<title>HUILE D\u2019OLIVE - L&#039;Avi Llu\u00eds<\/title>\n<meta name=\"description\" content=\"Huile d&#039;olive extra vierge au go\u00fbt fruit\u00e9 l\u00e9g\u00e8rement sucr\u00e9 avec des touches am\u00e8res et \u00e9pic\u00e9es. Sa couleur est jaun\u00e2tre \u00e0 verd\u00e2tre. Achetez l&#039;huile de grand-p\u00e8re Louis. El Perello.\" \/>\n<meta name=\"robots\" content=\"index, follow, max-snippet:-1, max-image-preview:large, max-video-preview:-1\" \/>\n<link rel=\"canonical\" href=\"https:\/\/www.meldelperello.com\/fr\/produits\/huile-olive\/\" \/>\n<meta property=\"og:locale\" content=\"fr_FR\" \/>\n<meta property=\"og:type\" content=\"article\" \/>\n<meta property=\"og:title\" content=\"HUILE D\u2019OLIVE - L&#039;Avi Llu\u00eds\" \/>\n<meta property=\"og:description\" content=\"Huile d&#039;olive extra vierge au go\u00fbt fruit\u00e9 l\u00e9g\u00e8rement sucr\u00e9 avec des touches am\u00e8res et \u00e9pic\u00e9es. Sa couleur est jaun\u00e2tre \u00e0 verd\u00e2tre. Achetez l&#039;huile de grand-p\u00e8re Louis. El Perello.\" \/>\n<meta property=\"og:url\" content=\"https:\/\/www.meldelperello.com\/fr\/produits\/huile-olive\/\" \/>\n<meta property=\"og:site_name\" content=\"L&#039;Avi Llu\u00eds\" \/>\n<meta property=\"article:publisher\" content=\"https:\/\/www.facebook.com\/avi.lluis\/\" \/>\n<meta property=\"article:modified_time\" content=\"2022-07-19T09:24:42+00:00\" \/>\n<meta property=\"og:image\" content=\"https:\/\/www.meldelperello.com\/wp-content\/uploads\/2022\/05\/2.jpg\" \/>\n\t<meta property=\"og:image:width\" content=\"450\" \/>\n\t<meta property=\"og:image:height\" content=\"450\" \/>\n\t<meta property=\"og:image:type\" content=\"image\/jpeg\" \/>\n<meta name=\"twitter:card\" content=\"summary_large_image\" \/>\n<meta name=\"twitter:label1\" content=\"Dur\u00e9e de lecture estim\u00e9e\" \/>\n\t<meta name=\"twitter:data1\" content=\"3 minutes\" \/>\n<script type=\"application\/ld+json\" class=\"yoast-schema-graph\">{\"@context\":\"https:\\\/\\\/schema.org\",\"@graph\":[{\"@type\":\"WebPage\",\"@id\":\"https:\\\/\\\/www.meldelperello.com\\\/fr\\\/produits\\\/huile-olive\\\/\",\"url\":\"https:\\\/\\\/www.meldelperello.com\\\/fr\\\/produits\\\/huile-olive\\\/\",\"name\":\"HUILE D\u2019OLIVE - L&#039;Avi Llu\u00eds\",\"isPartOf\":{\"@id\":\"https:\\\/\\\/www.meldelperello.com\\\/fr\\\/#website\"},\"primaryImageOfPage\":{\"@id\":\"https:\\\/\\\/www.meldelperello.com\\\/fr\\\/produits\\\/huile-olive\\\/#primaryimage\"},\"image\":{\"@id\":\"https:\\\/\\\/www.meldelperello.com\\\/fr\\\/produits\\\/huile-olive\\\/#primaryimage\"},\"thumbnailUrl\":\"https:\\\/\\\/www.meldelperello.com\\\/wp-content\\\/uploads\\\/2022\\\/05\\\/2.jpg\",\"datePublished\":\"2022-03-29T15:10:58+00:00\",\"dateModified\":\"2022-07-19T09:24:42+00:00\",\"description\":\"Huile d'olive extra vierge au go\u00fbt fruit\u00e9 l\u00e9g\u00e8rement sucr\u00e9 avec des touches am\u00e8res et \u00e9pic\u00e9es. Sa couleur est jaun\u00e2tre \u00e0 verd\u00e2tre. Achetez l'huile de grand-p\u00e8re Louis. El Perello.\",\"breadcrumb\":{\"@id\":\"https:\\\/\\\/www.meldelperello.com\\\/fr\\\/produits\\\/huile-olive\\\/#breadcrumb\"},\"inLanguage\":\"fr-FR\",\"potentialAction\":[{\"@type\":\"ReadAction\",\"target\":[\"https:\\\/\\\/www.meldelperello.com\\\/fr\\\/produits\\\/huile-olive\\\/\"]}]},{\"@type\":\"ImageObject\",\"inLanguage\":\"fr-FR\",\"@id\":\"https:\\\/\\\/www.meldelperello.com\\\/fr\\\/produits\\\/huile-olive\\\/#primaryimage\",\"url\":\"https:\\\/\\\/www.meldelperello.com\\\/wp-content\\\/uploads\\\/2022\\\/05\\\/2.jpg\",\"contentUrl\":\"https:\\\/\\\/www.meldelperello.com\\\/wp-content\\\/uploads\\\/2022\\\/05\\\/2.jpg\",\"width\":450,\"height\":450,\"caption\":\"Oli d'oliva 500 ml\"},{\"@type\":\"BreadcrumbList\",\"@id\":\"https:\\\/\\\/www.meldelperello.com\\\/fr\\\/produits\\\/huile-olive\\\/#breadcrumb\",\"itemListElement\":[{\"@type\":\"ListItem\",\"position\":1,\"name\":\"Inici\",\"item\":\"https:\\\/\\\/www.meldelperello.com\\\/fr\\\/\"},{\"@type\":\"ListItem\",\"position\":2,\"name\":\"PRODUITS\",\"item\":\"https:\\\/\\\/www.meldelperello.com\\\/fr\\\/produits\\\/\"},{\"@type\":\"ListItem\",\"position\":3,\"name\":\"HUILE D\u2019OLIVE\"}]},{\"@type\":\"WebSite\",\"@id\":\"https:\\\/\\\/www.meldelperello.com\\\/fr\\\/#website\",\"url\":\"https:\\\/\\\/www.meldelperello.com\\\/fr\\\/\",\"name\":\"L&#039;Avi Llu\u00eds\",\"description\":\"Apicultors i productors de mel natural, pura i artesana\",\"publisher\":{\"@id\":\"https:\\\/\\\/www.meldelperello.com\\\/fr\\\/#organization\"},\"potentialAction\":[{\"@type\":\"SearchAction\",\"target\":{\"@type\":\"EntryPoint\",\"urlTemplate\":\"https:\\\/\\\/www.meldelperello.com\\\/fr\\\/?s={search_term_string}\"},\"query-input\":{\"@type\":\"PropertyValueSpecification\",\"valueRequired\":true,\"valueName\":\"search_term_string\"}}],\"inLanguage\":\"fr-FR\"},{\"@type\":\"Organization\",\"@id\":\"https:\\\/\\\/www.meldelperello.com\\\/fr\\\/#organization\",\"name\":\"L'Avi Llu\u00eds\",\"url\":\"https:\\\/\\\/www.meldelperello.com\\\/fr\\\/\",\"logo\":{\"@type\":\"ImageObject\",\"inLanguage\":\"fr-FR\",\"@id\":\"https:\\\/\\\/www.meldelperello.com\\\/fr\\\/#\\\/schema\\\/logo\\\/image\\\/\",\"url\":\"https:\\\/\\\/www.meldelperello.com\\\/wp-content\\\/uploads\\\/2022\\\/02\\\/logo.svg\",\"contentUrl\":\"https:\\\/\\\/www.meldelperello.com\\\/wp-content\\\/uploads\\\/2022\\\/02\\\/logo.svg\",\"width\":137,\"height\":121,\"caption\":\"L'Avi Llu\u00eds\"},\"image\":{\"@id\":\"https:\\\/\\\/www.meldelperello.com\\\/fr\\\/#\\\/schema\\\/logo\\\/image\\\/\"},\"sameAs\":[\"https:\\\/\\\/www.facebook.com\\\/avi.lluis\\\/\",\"https:\\\/\\\/www.instagram.com\\\/avilluis_meldelperello\\\/\",\"https:\\\/\\\/www.youtube.com\\\/c\\\/MeldelperelloAviLluis\"]}]}<\/script>\n<!-- \/ Yoast SEO plugin. -->","yoast_head_json":{"title":"HUILE D\u2019OLIVE - L&#039;Avi Llu\u00eds","description":"Huile d'olive extra vierge au go\u00fbt fruit\u00e9 l\u00e9g\u00e8rement sucr\u00e9 avec des touches am\u00e8res et \u00e9pic\u00e9es. Sa couleur est jaun\u00e2tre \u00e0 verd\u00e2tre. Achetez l'huile de grand-p\u00e8re Louis. El Perello.","robots":{"index":"index","follow":"follow","max-snippet":"max-snippet:-1","max-image-preview":"max-image-preview:large","max-video-preview":"max-video-preview:-1"},"canonical":"https:\/\/www.meldelperello.com\/fr\/produits\/huile-olive\/","og_locale":"fr_FR","og_type":"article","og_title":"HUILE D\u2019OLIVE - L&#039;Avi Llu\u00eds","og_description":"Huile d'olive extra vierge au go\u00fbt fruit\u00e9 l\u00e9g\u00e8rement sucr\u00e9 avec des touches am\u00e8res et \u00e9pic\u00e9es. Sa couleur est jaun\u00e2tre \u00e0 verd\u00e2tre. Achetez l'huile de grand-p\u00e8re Louis. El Perello.","og_url":"https:\/\/www.meldelperello.com\/fr\/produits\/huile-olive\/","og_site_name":"L&#039;Avi Llu\u00eds","article_publisher":"https:\/\/www.facebook.com\/avi.lluis\/","article_modified_time":"2022-07-19T09:24:42+00:00","og_image":[{"width":450,"height":450,"url":"https:\/\/www.meldelperello.com\/wp-content\/uploads\/2022\/05\/2.jpg","type":"image\/jpeg"}],"twitter_card":"summary_large_image","twitter_misc":{"Dur\u00e9e de lecture estim\u00e9e":"3 minutes"},"schema":{"@context":"https:\/\/schema.org","@graph":[{"@type":"WebPage","@id":"https:\/\/www.meldelperello.com\/fr\/produits\/huile-olive\/","url":"https:\/\/www.meldelperello.com\/fr\/produits\/huile-olive\/","name":"HUILE D\u2019OLIVE - L&#039;Avi Llu\u00eds","isPartOf":{"@id":"https:\/\/www.meldelperello.com\/fr\/#website"},"primaryImageOfPage":{"@id":"https:\/\/www.meldelperello.com\/fr\/produits\/huile-olive\/#primaryimage"},"image":{"@id":"https:\/\/www.meldelperello.com\/fr\/produits\/huile-olive\/#primaryimage"},"thumbnailUrl":"https:\/\/www.meldelperello.com\/wp-content\/uploads\/2022\/05\/2.jpg","datePublished":"2022-03-29T15:10:58+00:00","dateModified":"2022-07-19T09:24:42+00:00","description":"Huile d'olive extra vierge au go\u00fbt fruit\u00e9 l\u00e9g\u00e8rement sucr\u00e9 avec des touches am\u00e8res et \u00e9pic\u00e9es. Sa couleur est jaun\u00e2tre \u00e0 verd\u00e2tre. Achetez l'huile de grand-p\u00e8re Louis. El Perello.","breadcrumb":{"@id":"https:\/\/www.meldelperello.com\/fr\/produits\/huile-olive\/#breadcrumb"},"inLanguage":"fr-FR","potentialAction":[{"@type":"ReadAction","target":["https:\/\/www.meldelperello.com\/fr\/produits\/huile-olive\/"]}]},{"@type":"ImageObject","inLanguage":"fr-FR","@id":"https:\/\/www.meldelperello.com\/fr\/produits\/huile-olive\/#primaryimage","url":"https:\/\/www.meldelperello.com\/wp-content\/uploads\/2022\/05\/2.jpg","contentUrl":"https:\/\/www.meldelperello.com\/wp-content\/uploads\/2022\/05\/2.jpg","width":450,"height":450,"caption":"Oli d'oliva 500 ml"},{"@type":"BreadcrumbList","@id":"https:\/\/www.meldelperello.com\/fr\/produits\/huile-olive\/#breadcrumb","itemListElement":[{"@type":"ListItem","position":1,"name":"Inici","item":"https:\/\/www.meldelperello.com\/fr\/"},{"@type":"ListItem","position":2,"name":"PRODUITS","item":"https:\/\/www.meldelperello.com\/fr\/produits\/"},{"@type":"ListItem","position":3,"name":"HUILE D\u2019OLIVE"}]},{"@type":"WebSite","@id":"https:\/\/www.meldelperello.com\/fr\/#website","url":"https:\/\/www.meldelperello.com\/fr\/","name":"L&#039;Avi Llu\u00eds","description":"Apicultors i productors de mel natural, pura i artesana","publisher":{"@id":"https:\/\/www.meldelperello.com\/fr\/#organization"},"potentialAction":[{"@type":"SearchAction","target":{"@type":"EntryPoint","urlTemplate":"https:\/\/www.meldelperello.com\/fr\/?s={search_term_string}"},"query-input":{"@type":"PropertyValueSpecification","valueRequired":true,"valueName":"search_term_string"}}],"inLanguage":"fr-FR"},{"@type":"Organization","@id":"https:\/\/www.meldelperello.com\/fr\/#organization","name":"L'Avi Llu\u00eds","url":"https:\/\/www.meldelperello.com\/fr\/","logo":{"@type":"ImageObject","inLanguage":"fr-FR","@id":"https:\/\/www.meldelperello.com\/fr\/#\/schema\/logo\/image\/","url":"https:\/\/www.meldelperello.com\/wp-content\/uploads\/2022\/02\/logo.svg","contentUrl":"https:\/\/www.meldelperello.com\/wp-content\/uploads\/2022\/02\/logo.svg","width":137,"height":121,"caption":"L'Avi Llu\u00eds"},"image":{"@id":"https:\/\/www.meldelperello.com\/fr\/#\/schema\/logo\/image\/"},"sameAs":["https:\/\/www.facebook.com\/avi.lluis\/","https:\/\/www.instagram.com\/avilluis_meldelperello\/","https:\/\/www.youtube.com\/c\/MeldelperelloAviLluis"]}]}},"_links":{"self":[{"href":"https:\/\/www.meldelperello.com\/fr\/wp-json\/wp\/v2\/pages\/10523","targetHints":{"allow":["GET"]}}],"collection":[{"href":"https:\/\/www.meldelperello.com\/fr\/wp-json\/wp\/v2\/pages"}],"about":[{"href":"https:\/\/www.meldelperello.com\/fr\/wp-json\/wp\/v2\/types\/page"}],"author":[{"embeddable":true,"href":"https:\/\/www.meldelperello.com\/fr\/wp-json\/wp\/v2\/users\/1"}],"replies":[{"embeddable":true,"href":"https:\/\/www.meldelperello.com\/fr\/wp-json\/wp\/v2\/comments?post=10523"}],"version-history":[{"count":4,"href":"https:\/\/www.meldelperello.com\/fr\/wp-json\/wp\/v2\/pages\/10523\/revisions"}],"predecessor-version":[{"id":10794,"href":"https:\/\/www.meldelperello.com\/fr\/wp-json\/wp\/v2\/pages\/10523\/revisions\/10794"}],"up":[{"embeddable":true,"href":"https:\/\/www.meldelperello.com\/fr\/wp-json\/wp\/v2\/pages\/10423"}],"wp:featuredmedia":[{"embeddable":true,"href":"https:\/\/www.meldelperello.com\/fr\/wp-json\/wp\/v2\/media\/9984"}],"wp:attachment":[{"href":"https:\/\/www.meldelperello.com\/fr\/wp-json\/wp\/v2\/media?parent=10523"}],"curies":[{"name":"wp","href":"https:\/\/api.w.org\/{rel}","templated":true}]}}