{"id":10493,"date":"2022-03-24T18:39:44","date_gmt":"2022-03-24T17:39:44","guid":{"rendered":"https:\/\/perello.debonatinta.com\/produits\/miel-a-valeur-ajoutee\/mel-amb-propolis\/"},"modified":"2025-04-02T18:20:04","modified_gmt":"2025-04-02T16:20:04","slug":"miel-a-la-propolis","status":"publish","type":"page","link":"https:\/\/www.meldelperello.com\/fr\/produits\/miel-a-valeur-ajoutee\/miel-a-la-propolis\/","title":{"rendered":"MIEL \u00c0 LA PROPOLIS"},"content":{"rendered":"<div class=\"wpb-content-wrapper\"><p>[vc_row gap=&#8221;25&#8243; el_class=&#8221;producto&#8221; css=&#8221;.vc_custom_1645552768280{margin-bottom: 60px !important;}&#8221;][vc_column width=&#8221;1\/2&#8243;][vc_single_image image=&#8221;9551&#8243; img_size=&#8221;full&#8221;][\/vc_column][vc_column width=&#8221;1\/2&#8243;][vc_column_text css=&#8221;.vc_custom_1743610784501{margin-bottom: 50px !important;}&#8221;]<\/p>\n<h1><strong>MIEL \u00c0 LA PROPOLIS DE L\u2019AVI LLU\u00cdS<\/strong><\/h1>\n<h2>Sant\u00e9 pure. Ajout\u00e9e. Multipli\u00e9e.<\/h2>\n<p><strong>CARACT\u00c9RISTIQUES DU MIEL \u00c0 LA PROPOLIS<\/strong><\/p>\n<p>La propolis est une r\u00e9sine de cire \u00e0 la composition complexe et \u00e0 la consistance visqueuse. Les abeilles la produisent \u00e0 partir des particules r\u00e9sineuses de divers v\u00e9g\u00e9taux et l\u2019utilisent pour r\u00e9parer et prot\u00e9ger la ruche.<\/p>\n<p>Le miel \u00e0 la propolis de l\u2019Avi Llu\u00eds est \u00e9labor\u00e9 avec du miel d\u2019eucalyptus et de la propolis pure (1 %). Cette vari\u00e9t\u00e9 de miel se distingue par son ar\u00f4me intense et persistant, offrant une exp\u00e9rience gustative riche et caract\u00e9ristique.[\/vc_column_text][vc_tta_accordion section_title_tag=&#8221;h3&#8243; style=&#8221;flat&#8221; shape=&#8221;square&#8221; color=&#8221;white&#8221; c_position=&#8221;right&#8221; active_section=&#8221;999&#8243; no_fill=&#8221;true&#8221; collapsible_all=&#8221;true&#8221;][vc_tta_section title=&#8221;Dosage du miel \u00e0 la propolis&#8221; tab_id=&#8221;Dosage&#8221;][vc_column_text]<\/p>\n<ul>\n<li>Les enfants peuvent prendre d\u2019une \u00e0 trois cuill\u00e8res par jour et trois \u00e0 cinq pour les adultes.<\/li>\n<li>Il est recommand\u00e9 d\u2019en prendre quotidiennement \u00e0 chaque changement de saison.<\/li>\n<li>Se consomme directement ou dissout dans un liquide.<\/li>\n<li>Toujours remuer le produit avant consommation.<\/li>\n<li>Ne pas donner aux enfants de moins d\u2019un an.<\/li>\n<\/ul>\n<p>[\/vc_column_text][\/vc_tta_section][vc_tta_section title=&#8221;Pr\u00e9sentation du miel \u00e0 la propolis&#8221; tab_id=&#8221;Presentation&#8221;][vc_column_text]Nous conditionnons le miel \u00e0 la propolis dans des pots en verre de 250\u00a0g.<\/p>\n<p>L\u2019emballage est fonc\u00e9 pour pr\u00e9server le miel de la lumi\u00e8re, et il est recommand\u00e9 de le conserver bien ferm\u00e9 et \u00e0 l\u2019abri des rayons du soleil.<\/p>\n<p>La propolis et le miel d\u2019eucalyptus proviennent d\u2019abeilles situ\u00e9es dans diverses zones d\u2019Espagne.<\/p>\n<p>Tenir le produit hors de port\u00e9e des enfants.[\/vc_column_text][\/vc_tta_section][\/vc_tta_accordion][vc_btn title=&#8221;Fiche technique&#8221; style=&#8221;flat&#8221; shape=&#8221;square&#8221; color=&#8221;black&#8221; size=&#8221;lg&#8221; i_align=&#8221;right&#8221; i_icon_fontawesome=&#8221;far fa-file-pdf&#8221; add_icon=&#8221;true&#8221; link=&#8221;url:https%3A%2F%2Fperello.debonatinta.com%2Fwp-content%2Fuploads%2F2022%2F03%2FFITXA-TE%CC%80CNICA-BOSC-2020.pdf&#8221; el_class=&#8221;ficha&#8221;][\/vc_column][\/vc_row][vc_row el_class=&#8221;productos&#8221;][vc_column][vc_column_text]<\/p>\n<h3 style=\"text-align: center;\"><strong>EMBALLAGES<\/strong><\/h3>\n<p>[\/vc_column_text][\/vc_column][\/vc_row][vc_row el_class=&#8221;productos&#8221;][vc_column width=&#8221;1\/2&#8243;][vc_single_image image=&#8221;9597&#8243; img_size=&#8221;full&#8221; alignment=&#8221;center&#8221; css=&#8221;.vc_custom_1648639198566{margin-bottom: 25px !important;}&#8221; image_hovers=&#8221;false&#8221;][vc_column_text css=&#8221;.vc_custom_1699956496892{margin-bottom: 70px !important;}&#8221; el_class=&#8221;formatos&#8221;]<\/p>\n<h3 style=\"text-align: center;\"><strong>Ref. 012001 \u2013 MIEL \u00c0 LA PROPOLIS<\/strong><\/h3>\n<p style=\"text-align: center;\"><strong>EAN: 8436554510153<\/strong><br \/>\nMiel d&#8217;eucalyptus \u00e0 la propolis de l\u2019Avi Llu\u00eds 250gr.<\/p>\n<p>[\/vc_column_text][\/vc_column][vc_column width=&#8221;1\/2&#8243;][vc_single_image image=&#8221;9551&#8243; img_size=&#8221;full&#8221; alignment=&#8221;center&#8221; css=&#8221;.vc_custom_1699956565936{margin-bottom: 25px !important;}&#8221; image_hovers=&#8221;false&#8221;][vc_column_text css=&#8221;.vc_custom_1699956516496{margin-bottom: 70px !important;}&#8221; el_class=&#8221;formatos&#8221;]<\/p>\n<h3 style=\"text-align: center;\"><strong>Ref. 012008 \u2013 MIEL \u00c0 LA PROPOLIS<\/strong><\/h3>\n<p style=\"text-align: center;\"><strong>EAN: 8437013977852<\/strong><br \/>\nMiel d&#8217;eucalyptus \u00e0 la propolis de l\u2019Avi Llu\u00eds 490gr.<\/p>\n<p>[\/vc_column_text][\/vc_column][\/vc_row][vc_row full_width=&#8221;stretch_row_content_no_spaces&#8221; bg_type=&#8221;image&#8221; parallax_style=&#8221;vcpb-vz-jquery&#8221; bg_image_new=&#8221;id^9900|url^https:\/\/www.meldelperello.com\/wp-content\/uploads\/2022\/04\/bg-12.jpg|caption^null|alt^null|title^bg|description^null&#8221; bg_image_repeat=&#8221;no-repeat&#8221; bg_override=&#8221;full&#8221; disable_on_mobile_img_parallax=&#8221;disable_on_mobile_img_parallax_value&#8221; el_class=&#8221;blanco poema&#8221;][vc_column][vc_empty_space height=&#8221;450&#8243;][\/vc_column][\/vc_row]<\/p>\n<\/div>","protected":false},"excerpt":{"rendered":"<p>[vc_row gap=&#8221;25&#8243; el_class=&#8221;producto&#8221; css=&#8221;.vc_custom_1645552768280{margin-bottom: 60px !important;}&#8221;][vc_column width=&#8221;1\/2&#8243;][vc_single_image image=&#8221;9551&#8243; img_size=&#8221;full&#8221;][\/vc_column][vc_column width=&#8221;1\/2&#8243;][vc_column_text css=&#8221;.vc_custom_1743610784501{margin-bottom: 50px !important;}&#8221;] MIEL \u00c0 LA PROPOLIS DE L\u2019AVI LLU\u00cdS Sant\u00e9 pure. Ajout\u00e9e. Multipli\u00e9e. CARACT\u00c9RISTIQUES DU MIEL \u00c0 LA PROPOLIS La propolis est une r\u00e9sine de cire \u00e0 la composition complexe et \u00e0 la consistance visqueuse. Les abeilles la produisent \u00e0 partir des particules r\u00e9sineuses&hellip;<\/p>\n","protected":false},"author":1,"featured_media":9551,"parent":10488,"menu_order":0,"comment_status":"closed","ping_status":"closed","template":"","meta":{"inline_featured_image":false,"footnotes":""},"class_list":["post-10493","page","type-page","status-publish","has-post-thumbnail","hentry","description-off"],"yoast_head":"<!-- This site is optimized with the Yoast SEO plugin v27.3 - https:\/\/yoast.com\/product\/yoast-seo-wordpress\/ -->\n<title>MIEL \u00c0 LA PROPOLIS - L&#039;Avi Llu\u00eds<\/title>\n<meta name=\"description\" content=\"La propolis est une r\u00e9sine cireuse, de composition complexe et de consistance visqueuse, que les abeilles fabriquent \u00e0 partir de particules r\u00e9sineuses.\" \/>\n<meta name=\"robots\" content=\"index, follow, max-snippet:-1, max-image-preview:large, max-video-preview:-1\" \/>\n<link rel=\"canonical\" href=\"https:\/\/www.meldelperello.com\/fr\/produits\/miel-a-valeur-ajoutee\/miel-a-la-propolis\/\" \/>\n<meta property=\"og:locale\" content=\"fr_FR\" \/>\n<meta property=\"og:type\" content=\"article\" \/>\n<meta property=\"og:title\" content=\"MIEL \u00c0 LA PROPOLIS - L&#039;Avi Llu\u00eds\" \/>\n<meta property=\"og:description\" content=\"La propolis est une r\u00e9sine cireuse, de composition complexe et de consistance visqueuse, que les abeilles fabriquent \u00e0 partir de particules r\u00e9sineuses.\" \/>\n<meta property=\"og:url\" content=\"https:\/\/www.meldelperello.com\/fr\/produits\/miel-a-valeur-ajoutee\/miel-a-la-propolis\/\" \/>\n<meta property=\"og:site_name\" content=\"L&#039;Avi Llu\u00eds\" \/>\n<meta property=\"article:publisher\" content=\"https:\/\/www.facebook.com\/avi.lluis\/\" \/>\n<meta property=\"article:modified_time\" content=\"2025-04-02T16:20:04+00:00\" \/>\n<meta property=\"og:image\" content=\"https:\/\/www.meldelperello.com\/wp-content\/uploads\/2022\/03\/mel_propoli_500.jpg\" \/>\n\t<meta property=\"og:image:width\" content=\"1000\" \/>\n\t<meta property=\"og:image:height\" content=\"1000\" \/>\n\t<meta property=\"og:image:type\" content=\"image\/jpeg\" \/>\n<meta name=\"twitter:card\" content=\"summary_large_image\" \/>\n<meta name=\"twitter:label1\" content=\"Dur\u00e9e de lecture estim\u00e9e\" \/>\n\t<meta name=\"twitter:data1\" content=\"3 minutes\" \/>\n<script type=\"application\/ld+json\" class=\"yoast-schema-graph\">{\"@context\":\"https:\\\/\\\/schema.org\",\"@graph\":[{\"@type\":\"WebPage\",\"@id\":\"https:\\\/\\\/www.meldelperello.com\\\/fr\\\/produits\\\/miel-a-valeur-ajoutee\\\/miel-a-la-propolis\\\/\",\"url\":\"https:\\\/\\\/www.meldelperello.com\\\/fr\\\/produits\\\/miel-a-valeur-ajoutee\\\/miel-a-la-propolis\\\/\",\"name\":\"MIEL \u00c0 LA PROPOLIS - L&#039;Avi Llu\u00eds\",\"isPartOf\":{\"@id\":\"https:\\\/\\\/www.meldelperello.com\\\/fr\\\/#website\"},\"primaryImageOfPage\":{\"@id\":\"https:\\\/\\\/www.meldelperello.com\\\/fr\\\/produits\\\/miel-a-valeur-ajoutee\\\/miel-a-la-propolis\\\/#primaryimage\"},\"image\":{\"@id\":\"https:\\\/\\\/www.meldelperello.com\\\/fr\\\/produits\\\/miel-a-valeur-ajoutee\\\/miel-a-la-propolis\\\/#primaryimage\"},\"thumbnailUrl\":\"https:\\\/\\\/www.meldelperello.com\\\/wp-content\\\/uploads\\\/2022\\\/03\\\/mel_propoli_500.jpg\",\"datePublished\":\"2022-03-24T17:39:44+00:00\",\"dateModified\":\"2025-04-02T16:20:04+00:00\",\"description\":\"La propolis est une r\u00e9sine cireuse, de composition complexe et de consistance visqueuse, que les abeilles fabriquent \u00e0 partir de particules r\u00e9sineuses.\",\"breadcrumb\":{\"@id\":\"https:\\\/\\\/www.meldelperello.com\\\/fr\\\/produits\\\/miel-a-valeur-ajoutee\\\/miel-a-la-propolis\\\/#breadcrumb\"},\"inLanguage\":\"fr-FR\",\"potentialAction\":[{\"@type\":\"ReadAction\",\"target\":[\"https:\\\/\\\/www.meldelperello.com\\\/fr\\\/produits\\\/miel-a-valeur-ajoutee\\\/miel-a-la-propolis\\\/\"]}]},{\"@type\":\"ImageObject\",\"inLanguage\":\"fr-FR\",\"@id\":\"https:\\\/\\\/www.meldelperello.com\\\/fr\\\/produits\\\/miel-a-valeur-ajoutee\\\/miel-a-la-propolis\\\/#primaryimage\",\"url\":\"https:\\\/\\\/www.meldelperello.com\\\/wp-content\\\/uploads\\\/2022\\\/03\\\/mel_propoli_500.jpg\",\"contentUrl\":\"https:\\\/\\\/www.meldelperello.com\\\/wp-content\\\/uploads\\\/2022\\\/03\\\/mel_propoli_500.jpg\",\"width\":1000,\"height\":1000,\"caption\":\"Mel amb pr\u00f2polis\"},{\"@type\":\"BreadcrumbList\",\"@id\":\"https:\\\/\\\/www.meldelperello.com\\\/fr\\\/produits\\\/miel-a-valeur-ajoutee\\\/miel-a-la-propolis\\\/#breadcrumb\",\"itemListElement\":[{\"@type\":\"ListItem\",\"position\":1,\"name\":\"Inici\",\"item\":\"https:\\\/\\\/www.meldelperello.com\\\/fr\\\/\"},{\"@type\":\"ListItem\",\"position\":2,\"name\":\"PRODUITS\",\"item\":\"https:\\\/\\\/www.meldelperello.com\\\/fr\\\/produits\\\/\"},{\"@type\":\"ListItem\",\"position\":3,\"name\":\"MIEL \u00c0 VALEUR AJOUT\u00c9E\",\"item\":\"https:\\\/\\\/www.meldelperello.com\\\/fr\\\/produits\\\/miel-a-valeur-ajoutee\\\/\"},{\"@type\":\"ListItem\",\"position\":4,\"name\":\"MIEL \u00c0 LA PROPOLIS\"}]},{\"@type\":\"WebSite\",\"@id\":\"https:\\\/\\\/www.meldelperello.com\\\/fr\\\/#website\",\"url\":\"https:\\\/\\\/www.meldelperello.com\\\/fr\\\/\",\"name\":\"L&#039;Avi Llu\u00eds\",\"description\":\"Apicultors i productors de mel natural, pura i artesana\",\"publisher\":{\"@id\":\"https:\\\/\\\/www.meldelperello.com\\\/fr\\\/#organization\"},\"potentialAction\":[{\"@type\":\"SearchAction\",\"target\":{\"@type\":\"EntryPoint\",\"urlTemplate\":\"https:\\\/\\\/www.meldelperello.com\\\/fr\\\/?s={search_term_string}\"},\"query-input\":{\"@type\":\"PropertyValueSpecification\",\"valueRequired\":true,\"valueName\":\"search_term_string\"}}],\"inLanguage\":\"fr-FR\"},{\"@type\":\"Organization\",\"@id\":\"https:\\\/\\\/www.meldelperello.com\\\/fr\\\/#organization\",\"name\":\"L'Avi Llu\u00eds\",\"url\":\"https:\\\/\\\/www.meldelperello.com\\\/fr\\\/\",\"logo\":{\"@type\":\"ImageObject\",\"inLanguage\":\"fr-FR\",\"@id\":\"https:\\\/\\\/www.meldelperello.com\\\/fr\\\/#\\\/schema\\\/logo\\\/image\\\/\",\"url\":\"https:\\\/\\\/www.meldelperello.com\\\/wp-content\\\/uploads\\\/2022\\\/02\\\/logo.svg\",\"contentUrl\":\"https:\\\/\\\/www.meldelperello.com\\\/wp-content\\\/uploads\\\/2022\\\/02\\\/logo.svg\",\"width\":137,\"height\":121,\"caption\":\"L'Avi Llu\u00eds\"},\"image\":{\"@id\":\"https:\\\/\\\/www.meldelperello.com\\\/fr\\\/#\\\/schema\\\/logo\\\/image\\\/\"},\"sameAs\":[\"https:\\\/\\\/www.facebook.com\\\/avi.lluis\\\/\",\"https:\\\/\\\/www.instagram.com\\\/avilluis_meldelperello\\\/\",\"https:\\\/\\\/www.youtube.com\\\/c\\\/MeldelperelloAviLluis\"]}]}<\/script>\n<!-- \/ Yoast SEO plugin. -->","yoast_head_json":{"title":"MIEL \u00c0 LA PROPOLIS - L&#039;Avi Llu\u00eds","description":"La propolis est une r\u00e9sine cireuse, de composition complexe et de consistance visqueuse, que les abeilles fabriquent \u00e0 partir de particules r\u00e9sineuses.","robots":{"index":"index","follow":"follow","max-snippet":"max-snippet:-1","max-image-preview":"max-image-preview:large","max-video-preview":"max-video-preview:-1"},"canonical":"https:\/\/www.meldelperello.com\/fr\/produits\/miel-a-valeur-ajoutee\/miel-a-la-propolis\/","og_locale":"fr_FR","og_type":"article","og_title":"MIEL \u00c0 LA PROPOLIS - L&#039;Avi Llu\u00eds","og_description":"La propolis est une r\u00e9sine cireuse, de composition complexe et de consistance visqueuse, que les abeilles fabriquent \u00e0 partir de particules r\u00e9sineuses.","og_url":"https:\/\/www.meldelperello.com\/fr\/produits\/miel-a-valeur-ajoutee\/miel-a-la-propolis\/","og_site_name":"L&#039;Avi Llu\u00eds","article_publisher":"https:\/\/www.facebook.com\/avi.lluis\/","article_modified_time":"2025-04-02T16:20:04+00:00","og_image":[{"width":1000,"height":1000,"url":"https:\/\/www.meldelperello.com\/wp-content\/uploads\/2022\/03\/mel_propoli_500.jpg","type":"image\/jpeg"}],"twitter_card":"summary_large_image","twitter_misc":{"Dur\u00e9e de lecture estim\u00e9e":"3 minutes"},"schema":{"@context":"https:\/\/schema.org","@graph":[{"@type":"WebPage","@id":"https:\/\/www.meldelperello.com\/fr\/produits\/miel-a-valeur-ajoutee\/miel-a-la-propolis\/","url":"https:\/\/www.meldelperello.com\/fr\/produits\/miel-a-valeur-ajoutee\/miel-a-la-propolis\/","name":"MIEL \u00c0 LA PROPOLIS - L&#039;Avi Llu\u00eds","isPartOf":{"@id":"https:\/\/www.meldelperello.com\/fr\/#website"},"primaryImageOfPage":{"@id":"https:\/\/www.meldelperello.com\/fr\/produits\/miel-a-valeur-ajoutee\/miel-a-la-propolis\/#primaryimage"},"image":{"@id":"https:\/\/www.meldelperello.com\/fr\/produits\/miel-a-valeur-ajoutee\/miel-a-la-propolis\/#primaryimage"},"thumbnailUrl":"https:\/\/www.meldelperello.com\/wp-content\/uploads\/2022\/03\/mel_propoli_500.jpg","datePublished":"2022-03-24T17:39:44+00:00","dateModified":"2025-04-02T16:20:04+00:00","description":"La propolis est une r\u00e9sine cireuse, de composition complexe et de consistance visqueuse, que les abeilles fabriquent \u00e0 partir de particules r\u00e9sineuses.","breadcrumb":{"@id":"https:\/\/www.meldelperello.com\/fr\/produits\/miel-a-valeur-ajoutee\/miel-a-la-propolis\/#breadcrumb"},"inLanguage":"fr-FR","potentialAction":[{"@type":"ReadAction","target":["https:\/\/www.meldelperello.com\/fr\/produits\/miel-a-valeur-ajoutee\/miel-a-la-propolis\/"]}]},{"@type":"ImageObject","inLanguage":"fr-FR","@id":"https:\/\/www.meldelperello.com\/fr\/produits\/miel-a-valeur-ajoutee\/miel-a-la-propolis\/#primaryimage","url":"https:\/\/www.meldelperello.com\/wp-content\/uploads\/2022\/03\/mel_propoli_500.jpg","contentUrl":"https:\/\/www.meldelperello.com\/wp-content\/uploads\/2022\/03\/mel_propoli_500.jpg","width":1000,"height":1000,"caption":"Mel amb pr\u00f2polis"},{"@type":"BreadcrumbList","@id":"https:\/\/www.meldelperello.com\/fr\/produits\/miel-a-valeur-ajoutee\/miel-a-la-propolis\/#breadcrumb","itemListElement":[{"@type":"ListItem","position":1,"name":"Inici","item":"https:\/\/www.meldelperello.com\/fr\/"},{"@type":"ListItem","position":2,"name":"PRODUITS","item":"https:\/\/www.meldelperello.com\/fr\/produits\/"},{"@type":"ListItem","position":3,"name":"MIEL \u00c0 VALEUR AJOUT\u00c9E","item":"https:\/\/www.meldelperello.com\/fr\/produits\/miel-a-valeur-ajoutee\/"},{"@type":"ListItem","position":4,"name":"MIEL \u00c0 LA PROPOLIS"}]},{"@type":"WebSite","@id":"https:\/\/www.meldelperello.com\/fr\/#website","url":"https:\/\/www.meldelperello.com\/fr\/","name":"L&#039;Avi Llu\u00eds","description":"Apicultors i productors de mel natural, pura i artesana","publisher":{"@id":"https:\/\/www.meldelperello.com\/fr\/#organization"},"potentialAction":[{"@type":"SearchAction","target":{"@type":"EntryPoint","urlTemplate":"https:\/\/www.meldelperello.com\/fr\/?s={search_term_string}"},"query-input":{"@type":"PropertyValueSpecification","valueRequired":true,"valueName":"search_term_string"}}],"inLanguage":"fr-FR"},{"@type":"Organization","@id":"https:\/\/www.meldelperello.com\/fr\/#organization","name":"L'Avi Llu\u00eds","url":"https:\/\/www.meldelperello.com\/fr\/","logo":{"@type":"ImageObject","inLanguage":"fr-FR","@id":"https:\/\/www.meldelperello.com\/fr\/#\/schema\/logo\/image\/","url":"https:\/\/www.meldelperello.com\/wp-content\/uploads\/2022\/02\/logo.svg","contentUrl":"https:\/\/www.meldelperello.com\/wp-content\/uploads\/2022\/02\/logo.svg","width":137,"height":121,"caption":"L'Avi Llu\u00eds"},"image":{"@id":"https:\/\/www.meldelperello.com\/fr\/#\/schema\/logo\/image\/"},"sameAs":["https:\/\/www.facebook.com\/avi.lluis\/","https:\/\/www.instagram.com\/avilluis_meldelperello\/","https:\/\/www.youtube.com\/c\/MeldelperelloAviLluis"]}]}},"_links":{"self":[{"href":"https:\/\/www.meldelperello.com\/fr\/wp-json\/wp\/v2\/pages\/10493","targetHints":{"allow":["GET"]}}],"collection":[{"href":"https:\/\/www.meldelperello.com\/fr\/wp-json\/wp\/v2\/pages"}],"about":[{"href":"https:\/\/www.meldelperello.com\/fr\/wp-json\/wp\/v2\/types\/page"}],"author":[{"embeddable":true,"href":"https:\/\/www.meldelperello.com\/fr\/wp-json\/wp\/v2\/users\/1"}],"replies":[{"embeddable":true,"href":"https:\/\/www.meldelperello.com\/fr\/wp-json\/wp\/v2\/comments?post=10493"}],"version-history":[{"count":7,"href":"https:\/\/www.meldelperello.com\/fr\/wp-json\/wp\/v2\/pages\/10493\/revisions"}],"predecessor-version":[{"id":11950,"href":"https:\/\/www.meldelperello.com\/fr\/wp-json\/wp\/v2\/pages\/10493\/revisions\/11950"}],"up":[{"embeddable":true,"href":"https:\/\/www.meldelperello.com\/fr\/wp-json\/wp\/v2\/pages\/10488"}],"wp:featuredmedia":[{"embeddable":true,"href":"https:\/\/www.meldelperello.com\/fr\/wp-json\/wp\/v2\/media\/9551"}],"wp:attachment":[{"href":"https:\/\/www.meldelperello.com\/fr\/wp-json\/wp\/v2\/media?parent=10493"}],"curies":[{"name":"wp","href":"https:\/\/api.w.org\/{rel}","templated":true}]}}