{"id":10488,"date":"2022-03-24T18:22:40","date_gmt":"2022-03-24T17:22:40","guid":{"rendered":"https:\/\/perello.debonatinta.com\/produits\/mel-amb-valor-afegit\/"},"modified":"2022-06-01T12:29:52","modified_gmt":"2022-06-01T10:29:52","slug":"miel-a-valeur-ajoutee","status":"publish","type":"page","link":"https:\/\/www.meldelperello.com\/fr\/produits\/miel-a-valeur-ajoutee\/","title":{"rendered":"MIEL \u00c0 VALEUR AJOUT\u00c9E"},"content":{"rendered":"<div class=\"wpb-content-wrapper\"><p>[vc_row][vc_column][vc_column_text css=&#8221;.vc_custom_1654079062045{margin-bottom: 50px !important;}&#8221;]<\/p>\n<h1 style=\"text-align: center;\"><strong>MIEL \u00c0 VALEUR AJOUT\u00c9E<\/strong><\/h1>\n<p>[\/vc_column_text][vc_column_text css=&#8221;.vc_custom_1654079073766{margin-bottom: 50px !important;}&#8221;]<\/p>\n<p style=\"text-align: center;\">Chez l\u2019Avi Llu\u00eds, nous avons voulu aller au-del\u00e0 du miel en cr\u00e9ant le miel \u00e0 valeur ajout\u00e9e. Ces produits apportent au miel naturel la valeur des propri\u00e9t\u00e9s du pollen, de la gel\u00e9e royale et de la propolis.<\/p>\n<p style=\"text-align: center;\">Nous avons donc cr\u00e9\u00e9 des produits uniques et naturels, qui concentrent toutes les propri\u00e9t\u00e9s des \u00e9l\u00e9ments qui les composent.<\/p>\n<p>[\/vc_column_text][\/vc_column][\/vc_row][vc_row el_class=&#8221;productos&#8221;][vc_column width=&#8221;1\/4&#8243;][vc_single_image image=&#8221;9597&#8243; img_size=&#8221;full&#8221; alignment=&#8221;center&#8221; onclick=&#8221;custom_link&#8221; image_hovers=&#8221;false&#8221; css=&#8221;.vc_custom_1654079186055{margin-bottom: 25px !important;}&#8221; link=&#8221;\/fr\/produits\/miel-a-valeur-ajoutee\/miel-a-la-propolis&#8221;][vc_column_text css=&#8221;.vc_custom_1654079167897{margin-bottom: 40px !important;}&#8221;]<\/p>\n<h3 style=\"text-align: center;\"><strong>MIEL \u00c0 LA PROPOLIS<\/strong><\/h3>\n<p style=\"text-align: center;\"><a href=\"\/fr\/produits\/miel-a-valeur-ajoutee\/miel-a-la-propolis\">D\u00c9COUVREZ LE<\/a><\/p>\n<p>[\/vc_column_text][\/vc_column][vc_column width=&#8221;1\/4&#8243;][vc_single_image image=&#8221;9161&#8243; img_size=&#8221;full&#8221; alignment=&#8221;center&#8221; onclick=&#8221;custom_link&#8221; image_hovers=&#8221;false&#8221; css=&#8221;.vc_custom_1654079254234{margin-bottom: 25px !important;}&#8221; link=&#8221;\/fr\/produits\/miel-a-valeur-ajoutee\/miel-gelee-royale-pollen&#8221;][vc_column_text css=&#8221;.vc_custom_1654079265560{margin-bottom: 40px !important;}&#8221;]<\/p>\n<h3 style=\"text-align: center;\"><strong>MIEL \u00c0 LA GEL\u00c9E ROYALE ET AU POLLEN <\/strong><\/h3>\n<p style=\"text-align: center;\"><a href=\"\/fr\/produits\/miel-a-valeur-ajoutee\/miel-gelee-royale-pollen\">D\u00c9COUVREZ LE<\/a><\/p>\n<p>[\/vc_column_text][\/vc_column][vc_column width=&#8221;1\/4&#8243;][vc_single_image image=&#8221;9169&#8243; img_size=&#8221;full&#8221; alignment=&#8221;center&#8221; onclick=&#8221;custom_link&#8221; image_hovers=&#8221;false&#8221; css=&#8221;.vc_custom_1654079321460{margin-bottom: 25px !important;}&#8221; link=&#8221;\/fr\/produits\/miel-a-valeur-ajoutee\/nid-abeille-au-miel&#8221;][vc_column_text css=&#8221;.vc_custom_1654079315027{margin-bottom: 40px !important;}&#8221;]<\/p>\n<h3 style=\"text-align: center;\"><strong>NID D\u2019ABEILLE AU MIEL<\/strong><\/h3>\n<p style=\"text-align: center;\"><a href=\"\/fr\/produits\/miel-a-valeur-ajoutee\/nid-abeille-au-miel\">D\u00c9COUVREZ LE<\/a><\/p>\n<p>[\/vc_column_text][\/vc_column][vc_column width=&#8221;1\/4&#8243;][vc_single_image image=&#8221;9795&#8243; img_size=&#8221;full&#8221; alignment=&#8221;center&#8221; onclick=&#8221;custom_link&#8221; image_hovers=&#8221;false&#8221; css=&#8221;.vc_custom_1654079370735{margin-bottom: 25px !important;}&#8221; link=&#8221;\/fr\/produits\/miel-a-valeur-ajoutee\/miel-en-nid-abeille&#8221;][vc_column_text css=&#8221;.vc_custom_1654079363603{margin-bottom: 40px !important;}&#8221;]<\/p>\n<h3 style=\"text-align: center;\"><strong>MIEL EN NID D\u2019ABEILLE<\/strong><\/h3>\n<p style=\"text-align: center;\"><a href=\"\/fr\/produits\/miel-a-valeur-ajoutee\/miel-en-nid-abeille\">D\u00c9COUVREZ LE<\/a><\/p>\n<p>[\/vc_column_text][\/vc_column][\/vc_row]<\/p>\n<\/div>","protected":false},"excerpt":{"rendered":"<p>[vc_row][vc_column][vc_column_text css=&#8221;.vc_custom_1654079062045{margin-bottom: 50px !important;}&#8221;] MIEL \u00c0 VALEUR AJOUT\u00c9E [\/vc_column_text][vc_column_text css=&#8221;.vc_custom_1654079073766{margin-bottom: 50px !important;}&#8221;] Chez l\u2019Avi Llu\u00eds, nous avons voulu aller au-del\u00e0 du miel en cr\u00e9ant le miel \u00e0 valeur ajout\u00e9e. Ces produits apportent au miel naturel la valeur des propri\u00e9t\u00e9s du pollen, de la gel\u00e9e royale et de la propolis. Nous avons donc cr\u00e9\u00e9 des produits&hellip;<\/p>\n","protected":false},"author":1,"featured_media":9156,"parent":10423,"menu_order":0,"comment_status":"closed","ping_status":"closed","template":"","meta":{"inline_featured_image":false,"footnotes":""},"class_list":["post-10488","page","type-page","status-publish","has-post-thumbnail","hentry","description-off"],"yoast_head":"<!-- This site is optimized with the Yoast SEO plugin v27.3 - https:\/\/yoast.com\/product\/yoast-seo-wordpress\/ -->\n<title>MIEL \u00c0 VALEUR AJOUT\u00c9E - L&#039;Avi Llu\u00eds<\/title>\n<meta name=\"description\" content=\"Achetez du Miel \u00e0 valeur ajout\u00e9e pure et artisanale \u2705 Achetez du Miel directement chez l&#039;apiculteur et profitez de la plus haute qualit\u00e9 D\u00e9couvrez nos offres !\" \/>\n<meta name=\"robots\" content=\"index, follow, max-snippet:-1, max-image-preview:large, max-video-preview:-1\" \/>\n<link rel=\"canonical\" href=\"https:\/\/www.meldelperello.com\/fr\/produits\/miel-a-valeur-ajoutee\/\" \/>\n<meta property=\"og:locale\" content=\"fr_FR\" \/>\n<meta property=\"og:type\" content=\"article\" \/>\n<meta property=\"og:title\" content=\"MIEL \u00c0 VALEUR AJOUT\u00c9E - L&#039;Avi Llu\u00eds\" \/>\n<meta property=\"og:description\" content=\"Achetez du Miel \u00e0 valeur ajout\u00e9e pure et artisanale \u2705 Achetez du Miel directement chez l&#039;apiculteur et profitez de la plus haute qualit\u00e9 D\u00e9couvrez nos offres !\" \/>\n<meta property=\"og:url\" content=\"https:\/\/www.meldelperello.com\/fr\/produits\/miel-a-valeur-ajoutee\/\" \/>\n<meta property=\"og:site_name\" content=\"L&#039;Avi Llu\u00eds\" \/>\n<meta property=\"article:publisher\" content=\"https:\/\/www.facebook.com\/avi.lluis\/\" \/>\n<meta property=\"article:modified_time\" content=\"2022-06-01T10:29:52+00:00\" \/>\n<meta property=\"og:image\" content=\"https:\/\/www.meldelperello.com\/wp-content\/uploads\/2022\/03\/imatges-web-300x300-1.jpg\" \/>\n\t<meta property=\"og:image:width\" content=\"300\" \/>\n\t<meta property=\"og:image:height\" content=\"300\" \/>\n\t<meta property=\"og:image:type\" content=\"image\/jpeg\" \/>\n<meta name=\"twitter:card\" content=\"summary_large_image\" \/>\n<meta name=\"twitter:label1\" content=\"Dur\u00e9e de lecture estim\u00e9e\" \/>\n\t<meta name=\"twitter:data1\" content=\"1 minute\" \/>\n<script type=\"application\/ld+json\" class=\"yoast-schema-graph\">{\"@context\":\"https:\\\/\\\/schema.org\",\"@graph\":[{\"@type\":\"WebPage\",\"@id\":\"https:\\\/\\\/www.meldelperello.com\\\/fr\\\/produits\\\/miel-a-valeur-ajoutee\\\/\",\"url\":\"https:\\\/\\\/www.meldelperello.com\\\/fr\\\/produits\\\/miel-a-valeur-ajoutee\\\/\",\"name\":\"MIEL \u00c0 VALEUR AJOUT\u00c9E - L&#039;Avi Llu\u00eds\",\"isPartOf\":{\"@id\":\"https:\\\/\\\/www.meldelperello.com\\\/fr\\\/#website\"},\"primaryImageOfPage\":{\"@id\":\"https:\\\/\\\/www.meldelperello.com\\\/fr\\\/produits\\\/miel-a-valeur-ajoutee\\\/#primaryimage\"},\"image\":{\"@id\":\"https:\\\/\\\/www.meldelperello.com\\\/fr\\\/produits\\\/miel-a-valeur-ajoutee\\\/#primaryimage\"},\"thumbnailUrl\":\"https:\\\/\\\/www.meldelperello.com\\\/wp-content\\\/uploads\\\/2022\\\/03\\\/imatges-web-300x300-1.jpg\",\"datePublished\":\"2022-03-24T17:22:40+00:00\",\"dateModified\":\"2022-06-01T10:29:52+00:00\",\"description\":\"Achetez du Miel \u00e0 valeur ajout\u00e9e pure et artisanale \u2705 Achetez du Miel directement chez l'apiculteur et profitez de la plus haute qualit\u00e9 D\u00e9couvrez nos offres !\",\"breadcrumb\":{\"@id\":\"https:\\\/\\\/www.meldelperello.com\\\/fr\\\/produits\\\/miel-a-valeur-ajoutee\\\/#breadcrumb\"},\"inLanguage\":\"fr-FR\",\"potentialAction\":[{\"@type\":\"ReadAction\",\"target\":[\"https:\\\/\\\/www.meldelperello.com\\\/fr\\\/produits\\\/miel-a-valeur-ajoutee\\\/\"]}]},{\"@type\":\"ImageObject\",\"inLanguage\":\"fr-FR\",\"@id\":\"https:\\\/\\\/www.meldelperello.com\\\/fr\\\/produits\\\/miel-a-valeur-ajoutee\\\/#primaryimage\",\"url\":\"https:\\\/\\\/www.meldelperello.com\\\/wp-content\\\/uploads\\\/2022\\\/03\\\/imatges-web-300x300-1.jpg\",\"contentUrl\":\"https:\\\/\\\/www.meldelperello.com\\\/wp-content\\\/uploads\\\/2022\\\/03\\\/imatges-web-300x300-1.jpg\",\"width\":300,\"height\":300,\"caption\":\"Mel amb pr\u00f2polis\"},{\"@type\":\"BreadcrumbList\",\"@id\":\"https:\\\/\\\/www.meldelperello.com\\\/fr\\\/produits\\\/miel-a-valeur-ajoutee\\\/#breadcrumb\",\"itemListElement\":[{\"@type\":\"ListItem\",\"position\":1,\"name\":\"Inici\",\"item\":\"https:\\\/\\\/www.meldelperello.com\\\/fr\\\/\"},{\"@type\":\"ListItem\",\"position\":2,\"name\":\"PRODUITS\",\"item\":\"https:\\\/\\\/www.meldelperello.com\\\/fr\\\/produits\\\/\"},{\"@type\":\"ListItem\",\"position\":3,\"name\":\"MIEL \u00c0 VALEUR AJOUT\u00c9E\"}]},{\"@type\":\"WebSite\",\"@id\":\"https:\\\/\\\/www.meldelperello.com\\\/fr\\\/#website\",\"url\":\"https:\\\/\\\/www.meldelperello.com\\\/fr\\\/\",\"name\":\"L&#039;Avi Llu\u00eds\",\"description\":\"Apicultors i productors de mel natural, pura i artesana\",\"publisher\":{\"@id\":\"https:\\\/\\\/www.meldelperello.com\\\/fr\\\/#organization\"},\"potentialAction\":[{\"@type\":\"SearchAction\",\"target\":{\"@type\":\"EntryPoint\",\"urlTemplate\":\"https:\\\/\\\/www.meldelperello.com\\\/fr\\\/?s={search_term_string}\"},\"query-input\":{\"@type\":\"PropertyValueSpecification\",\"valueRequired\":true,\"valueName\":\"search_term_string\"}}],\"inLanguage\":\"fr-FR\"},{\"@type\":\"Organization\",\"@id\":\"https:\\\/\\\/www.meldelperello.com\\\/fr\\\/#organization\",\"name\":\"L'Avi Llu\u00eds\",\"url\":\"https:\\\/\\\/www.meldelperello.com\\\/fr\\\/\",\"logo\":{\"@type\":\"ImageObject\",\"inLanguage\":\"fr-FR\",\"@id\":\"https:\\\/\\\/www.meldelperello.com\\\/fr\\\/#\\\/schema\\\/logo\\\/image\\\/\",\"url\":\"https:\\\/\\\/www.meldelperello.com\\\/wp-content\\\/uploads\\\/2022\\\/02\\\/logo.svg\",\"contentUrl\":\"https:\\\/\\\/www.meldelperello.com\\\/wp-content\\\/uploads\\\/2022\\\/02\\\/logo.svg\",\"width\":137,\"height\":121,\"caption\":\"L'Avi Llu\u00eds\"},\"image\":{\"@id\":\"https:\\\/\\\/www.meldelperello.com\\\/fr\\\/#\\\/schema\\\/logo\\\/image\\\/\"},\"sameAs\":[\"https:\\\/\\\/www.facebook.com\\\/avi.lluis\\\/\",\"https:\\\/\\\/www.instagram.com\\\/avilluis_meldelperello\\\/\",\"https:\\\/\\\/www.youtube.com\\\/c\\\/MeldelperelloAviLluis\"]}]}<\/script>\n<!-- \/ Yoast SEO plugin. -->","yoast_head_json":{"title":"MIEL \u00c0 VALEUR AJOUT\u00c9E - L&#039;Avi Llu\u00eds","description":"Achetez du Miel \u00e0 valeur ajout\u00e9e pure et artisanale \u2705 Achetez du Miel directement chez l'apiculteur et profitez de la plus haute qualit\u00e9 D\u00e9couvrez nos offres !","robots":{"index":"index","follow":"follow","max-snippet":"max-snippet:-1","max-image-preview":"max-image-preview:large","max-video-preview":"max-video-preview:-1"},"canonical":"https:\/\/www.meldelperello.com\/fr\/produits\/miel-a-valeur-ajoutee\/","og_locale":"fr_FR","og_type":"article","og_title":"MIEL \u00c0 VALEUR AJOUT\u00c9E - L&#039;Avi Llu\u00eds","og_description":"Achetez du Miel \u00e0 valeur ajout\u00e9e pure et artisanale \u2705 Achetez du Miel directement chez l'apiculteur et profitez de la plus haute qualit\u00e9 D\u00e9couvrez nos offres !","og_url":"https:\/\/www.meldelperello.com\/fr\/produits\/miel-a-valeur-ajoutee\/","og_site_name":"L&#039;Avi Llu\u00eds","article_publisher":"https:\/\/www.facebook.com\/avi.lluis\/","article_modified_time":"2022-06-01T10:29:52+00:00","og_image":[{"width":300,"height":300,"url":"https:\/\/www.meldelperello.com\/wp-content\/uploads\/2022\/03\/imatges-web-300x300-1.jpg","type":"image\/jpeg"}],"twitter_card":"summary_large_image","twitter_misc":{"Dur\u00e9e de lecture estim\u00e9e":"1 minute"},"schema":{"@context":"https:\/\/schema.org","@graph":[{"@type":"WebPage","@id":"https:\/\/www.meldelperello.com\/fr\/produits\/miel-a-valeur-ajoutee\/","url":"https:\/\/www.meldelperello.com\/fr\/produits\/miel-a-valeur-ajoutee\/","name":"MIEL \u00c0 VALEUR AJOUT\u00c9E - L&#039;Avi Llu\u00eds","isPartOf":{"@id":"https:\/\/www.meldelperello.com\/fr\/#website"},"primaryImageOfPage":{"@id":"https:\/\/www.meldelperello.com\/fr\/produits\/miel-a-valeur-ajoutee\/#primaryimage"},"image":{"@id":"https:\/\/www.meldelperello.com\/fr\/produits\/miel-a-valeur-ajoutee\/#primaryimage"},"thumbnailUrl":"https:\/\/www.meldelperello.com\/wp-content\/uploads\/2022\/03\/imatges-web-300x300-1.jpg","datePublished":"2022-03-24T17:22:40+00:00","dateModified":"2022-06-01T10:29:52+00:00","description":"Achetez du Miel \u00e0 valeur ajout\u00e9e pure et artisanale \u2705 Achetez du Miel directement chez l'apiculteur et profitez de la plus haute qualit\u00e9 D\u00e9couvrez nos offres !","breadcrumb":{"@id":"https:\/\/www.meldelperello.com\/fr\/produits\/miel-a-valeur-ajoutee\/#breadcrumb"},"inLanguage":"fr-FR","potentialAction":[{"@type":"ReadAction","target":["https:\/\/www.meldelperello.com\/fr\/produits\/miel-a-valeur-ajoutee\/"]}]},{"@type":"ImageObject","inLanguage":"fr-FR","@id":"https:\/\/www.meldelperello.com\/fr\/produits\/miel-a-valeur-ajoutee\/#primaryimage","url":"https:\/\/www.meldelperello.com\/wp-content\/uploads\/2022\/03\/imatges-web-300x300-1.jpg","contentUrl":"https:\/\/www.meldelperello.com\/wp-content\/uploads\/2022\/03\/imatges-web-300x300-1.jpg","width":300,"height":300,"caption":"Mel amb pr\u00f2polis"},{"@type":"BreadcrumbList","@id":"https:\/\/www.meldelperello.com\/fr\/produits\/miel-a-valeur-ajoutee\/#breadcrumb","itemListElement":[{"@type":"ListItem","position":1,"name":"Inici","item":"https:\/\/www.meldelperello.com\/fr\/"},{"@type":"ListItem","position":2,"name":"PRODUITS","item":"https:\/\/www.meldelperello.com\/fr\/produits\/"},{"@type":"ListItem","position":3,"name":"MIEL \u00c0 VALEUR AJOUT\u00c9E"}]},{"@type":"WebSite","@id":"https:\/\/www.meldelperello.com\/fr\/#website","url":"https:\/\/www.meldelperello.com\/fr\/","name":"L&#039;Avi Llu\u00eds","description":"Apicultors i productors de mel natural, pura i artesana","publisher":{"@id":"https:\/\/www.meldelperello.com\/fr\/#organization"},"potentialAction":[{"@type":"SearchAction","target":{"@type":"EntryPoint","urlTemplate":"https:\/\/www.meldelperello.com\/fr\/?s={search_term_string}"},"query-input":{"@type":"PropertyValueSpecification","valueRequired":true,"valueName":"search_term_string"}}],"inLanguage":"fr-FR"},{"@type":"Organization","@id":"https:\/\/www.meldelperello.com\/fr\/#organization","name":"L'Avi Llu\u00eds","url":"https:\/\/www.meldelperello.com\/fr\/","logo":{"@type":"ImageObject","inLanguage":"fr-FR","@id":"https:\/\/www.meldelperello.com\/fr\/#\/schema\/logo\/image\/","url":"https:\/\/www.meldelperello.com\/wp-content\/uploads\/2022\/02\/logo.svg","contentUrl":"https:\/\/www.meldelperello.com\/wp-content\/uploads\/2022\/02\/logo.svg","width":137,"height":121,"caption":"L'Avi Llu\u00eds"},"image":{"@id":"https:\/\/www.meldelperello.com\/fr\/#\/schema\/logo\/image\/"},"sameAs":["https:\/\/www.facebook.com\/avi.lluis\/","https:\/\/www.instagram.com\/avilluis_meldelperello\/","https:\/\/www.youtube.com\/c\/MeldelperelloAviLluis"]}]}},"_links":{"self":[{"href":"https:\/\/www.meldelperello.com\/fr\/wp-json\/wp\/v2\/pages\/10488","targetHints":{"allow":["GET"]}}],"collection":[{"href":"https:\/\/www.meldelperello.com\/fr\/wp-json\/wp\/v2\/pages"}],"about":[{"href":"https:\/\/www.meldelperello.com\/fr\/wp-json\/wp\/v2\/types\/page"}],"author":[{"embeddable":true,"href":"https:\/\/www.meldelperello.com\/fr\/wp-json\/wp\/v2\/users\/1"}],"replies":[{"embeddable":true,"href":"https:\/\/www.meldelperello.com\/fr\/wp-json\/wp\/v2\/comments?post=10488"}],"version-history":[{"count":3,"href":"https:\/\/www.meldelperello.com\/fr\/wp-json\/wp\/v2\/pages\/10488\/revisions"}],"predecessor-version":[{"id":10491,"href":"https:\/\/www.meldelperello.com\/fr\/wp-json\/wp\/v2\/pages\/10488\/revisions\/10491"}],"up":[{"embeddable":true,"href":"https:\/\/www.meldelperello.com\/fr\/wp-json\/wp\/v2\/pages\/10423"}],"wp:featuredmedia":[{"embeddable":true,"href":"https:\/\/www.meldelperello.com\/fr\/wp-json\/wp\/v2\/media\/9156"}],"wp:attachment":[{"href":"https:\/\/www.meldelperello.com\/fr\/wp-json\/wp\/v2\/media?parent=10488"}],"curies":[{"name":"wp","href":"https:\/\/api.w.org\/{rel}","templated":true}]}}