{"id":10471,"date":"2022-03-23T19:33:06","date_gmt":"2022-03-23T18:33:06","guid":{"rendered":"https:\/\/perello.debonatinta.com\/produits\/miel\/bruc\/"},"modified":"2025-04-02T18:18:25","modified_gmt":"2025-04-02T16:18:25","slug":"bruyere","status":"publish","type":"page","link":"https:\/\/www.meldelperello.com\/fr\/produits\/miel\/bruyere\/","title":{"rendered":"MIEL DE BRUY\u00c8RE"},"content":{"rendered":"<div class=\"wpb-content-wrapper\"><p>[vc_row gap=&#8221;25&#8243; el_class=&#8221;producto&#8221; css=&#8221;.vc_custom_1645552768280{margin-bottom: 60px !important;}&#8221;][vc_column width=&#8221;1\/2&#8243;][vc_single_image image=&#8221;9425&#8243; img_size=&#8221;full&#8221;][\/vc_column][vc_column width=&#8221;1\/2&#8243;][vc_column_text css=&#8221;.vc_custom_1743610674613{margin-bottom: 50px !important;}&#8221;]<\/p>\n<h1><strong>MIEL DE BRUY\u00c8RE<\/strong><\/h1>\n<h2>Miel fonc\u00e9, intense, pour cuisiner et se r\u00e9galer. Pour les m\u00e9lomanes.<\/h2>\n<p><strong>CARACT\u00c9RISTIQUES DU MIEL DE BRUY\u00c8RE<\/strong><\/p>\n<p>Issu du nectar des fleurs de bruy\u00e8re (Erica cinerea, Erica vagans), ce miel se distingue par sa couleur fonc\u00e9e aux nuances rouge\u00e2tres et son ar\u00f4me particuli\u00e8rement intense et persistant.<\/p>\n<p>Son go\u00fbt \u00e9quilibr\u00e9 associe une douceur naturelle \u00e0 de l\u00e9g\u00e8res notes am\u00e8res et sal\u00e9es, offrant une exp\u00e9rience gustative riche et nuanc\u00e9e. Ce miel est appr\u00e9ci\u00e9 pour son caract\u00e8re profond et sa saveur marqu\u00e9e.[\/vc_column_text][vc_tta_accordion section_title_tag=&#8221;h3&#8243; style=&#8221;flat&#8221; shape=&#8221;square&#8221; color=&#8221;white&#8221; c_position=&#8221;right&#8221; active_section=&#8221;999&#8243; no_fill=&#8221;true&#8221; collapsible_all=&#8221;true&#8221;][vc_tta_section title=&#8221;Production du miel de bruy\u00e8re&#8221; tab_id=&#8221;Production&#8221;][vc_column_text]La production se fait dans la partie nord de la p\u00e9ninsule, et la r\u00e9colte peut s\u2019\u00e9tendre du mois de juin jusqu\u2019\u00e0 fin septembre, selon le type de bruy\u00e8re.[\/vc_column_text][\/vc_tta_section][vc_tta_section title=&#8221;Cristallisation du miel de bruy\u00e8re&#8221; tab_id=&#8221;Cristallisation&#8221;][vc_column_text]Il cristallise gr\u00e2ce \u00e0 sa puret\u00e9. La cristallisation du miel de bruy\u00e8re est moyenne et plus ou moins rapide selon le type de bruy\u00e8re. On peut aussi modifier sa texture et la faire devenir plus liquide si on le chauffe \u00e0 moins de 40 \u00baC au bain-marie.[\/vc_column_text][\/vc_tta_section][vc_tta_section title=&#8221;Propri\u00e9t\u00e9s du miel de bruy\u00e8re&#8221; tab_id=&#8221;Proprietes&#8221;][vc_column_text css=&#8221;&#8221;]Le miel de bruy\u00e8re est reconnu pour sa couleur fonc\u00e9e et son profil de saveur unique. Sa densit\u00e9 le rend id\u00e9al pour diverses utilisations culinaires, notamment dans les sauces, les vinaigrettes et la p\u00e2tisserie. Son ar\u00f4me profond et distinctif en fait un choix recherch\u00e9 pour ceux qui appr\u00e9cient les saveurs intenses et persistantes.[\/vc_column_text][\/vc_tta_section][vc_tta_section title=&#8221;Comment d\u00e9guster le miel de bruy\u00e8re&#8221; tab_id=&#8221;deguster&#8221;][vc_column_text]C\u2019est un miel tr\u00e8s peu sucr\u00e9, avec un go\u00fbt tr\u00e8s particulier, id\u00e9al pour les amateurs de miel. Il est parfait pour cuisiner et pour accompagner des fromages, comme le caill\u00e9 ou le fromage blanc. Et m\u00eame le lait. Ce miel ne laisse personne indiff\u00e9rent\u00a0: son ar\u00f4me et son go\u00fbt p\u00e9n\u00e8trent dans tous les aliments qu\u2019il accompagne.[\/vc_column_text][\/vc_tta_section][\/vc_tta_accordion][vc_btn title=&#8221;Fiche technique&#8221; style=&#8221;flat&#8221; shape=&#8221;square&#8221; color=&#8221;black&#8221; size=&#8221;lg&#8221; i_align=&#8221;right&#8221; i_icon_fontawesome=&#8221;far fa-file-pdf&#8221; add_icon=&#8221;true&#8221; link=&#8221;url:https%3A%2F%2Fperello.debonatinta.com%2Fwp-content%2Fuploads%2F2022%2F03%2FNUTRICIONALES-BREZO-2021.pdf&#8221; el_class=&#8221;ficha&#8221;][\/vc_column][\/vc_row][vc_row][vc_column][vc_column_text]<\/p>\n<h3 style=\"text-align: center;\"><strong>ALTRES FORMATS DE LA MEL DE BRUC<br \/>\n<\/strong><\/h3>\n<p>[\/vc_column_text][\/vc_column][\/vc_row][vc_row gap=&#8221;15&#8243; el_class=&#8221;formatos&#8221; css=&#8221;.vc_custom_1645553046136{margin-bottom: 60px !important;}&#8221;][vc_column width=&#8221;1\/4&#8243;][vc_single_image image=&#8221;9062&#8243; img_size=&#8221;full&#8221; alignment=&#8221;center&#8221; css=&#8221;.vc_custom_1648060617484{margin-bottom: 25px !important;}&#8221; image_hovers=&#8221;false&#8221;][vc_column_text css=&#8221;.vc_custom_1654077188814{margin-bottom: 40px !important;}&#8221;]<\/p>\n<h3 style=\"text-align: center;\">Ref. 011102 \u2013 BRBRUY\u00caREUC 50 GR.<\/h3>\n<p style=\"text-align: center;\"><strong>EAN-13: 8437013977746<\/strong><br \/>\nMiel de bruy\u00e8re avec pot en verre de 50 gr.<\/p>\n<p>[\/vc_column_text][\/vc_column][vc_column width=&#8221;1\/4&#8243;][vc_single_image image=&#8221;9066&#8243; img_size=&#8221;full&#8221; alignment=&#8221;center&#8221; css=&#8221;.vc_custom_1648060660280{margin-bottom: 25px !important;}&#8221; image_hovers=&#8221;false&#8221;][vc_column_text css=&#8221;.vc_custom_1668513078585{margin-bottom: 40px !important;}&#8221;]<\/p>\n<h3 style=\"text-align: center;\">Ref. 011122 \u2013 BRUY\u00caRE 250 GR. ANTI-GOUTTE<\/h3>\n<p style=\"text-align: center;\"><strong>EAN-13: 8437013977913<\/strong><br \/>\nMiel de bruy\u00e8re en pot de 250 gr. plastique anti-goutte.<br \/>\n14 unit\u00e9s par bo\u00eete<\/p>\n<p>[\/vc_column_text][\/vc_column][vc_column width=&#8221;1\/4&#8243;][vc_single_image image=&#8221;9070&#8243; img_size=&#8221;full&#8221; alignment=&#8221;center&#8221; css=&#8221;.vc_custom_1648060704301{margin-bottom: 25px !important;}&#8221; image_hovers=&#8221;false&#8221;][vc_column_text css=&#8221;.vc_custom_1654077224509{margin-bottom: 40px !important;}&#8221;]<\/p>\n<h3 style=\"text-align: center;\">Ref. 011126 \u2013 BRUY\u00caRE 250GR.<\/h3>\n<p style=\"text-align: center;\"><strong>EAN-13: 8437013977937<\/strong><br \/>\nMiel de bruy\u00e8re avec pot en verre de 250 gr.<br \/>\n12 unit\u00e9s par bo\u00eete<\/p>\n<p>[\/vc_column_text][\/vc_column][vc_column width=&#8221;1\/4&#8243;][vc_single_image image=&#8221;9074&#8243; img_size=&#8221;full&#8221; alignment=&#8221;center&#8221; css=&#8221;.vc_custom_1648060745184{margin-bottom: 25px !important;}&#8221; image_hovers=&#8221;false&#8221;][vc_column_text css=&#8221;.vc_custom_1699354780306{margin-bottom: 40px !important;}&#8221;]<\/p>\n<h3 style=\"text-align: center;\">Ref. 011105 \u2013 BRUY\u00c8RE 490 GR.<\/h3>\n<p style=\"text-align: center;\"><strong>EAN-13: 8437013977777<\/strong><br \/>\nMiel de bruy\u00e8re avec pot en verre de 490 gr.<br \/>\n12 unit\u00e9s par bo\u00eete<\/p>\n<p>[\/vc_column_text][\/vc_column][\/vc_row][vc_row gap=&#8221;15&#8243; el_class=&#8221;formatos&#8221; css=&#8221;.vc_custom_1645553046136{margin-bottom: 60px !important;}&#8221;][vc_column width=&#8221;1\/4&#8243;][vc_single_image image=&#8221;9078&#8243; img_size=&#8221;full&#8221; alignment=&#8221;center&#8221; css=&#8221;.vc_custom_1648060788411{margin-bottom: 25px !important;}&#8221; image_hovers=&#8221;false&#8221;][vc_column_text css=&#8221;.vc_custom_1664525126526{margin-bottom: 40px !important;}&#8221;]<\/p>\n<h3 style=\"text-align: center;\">Ref. 011121 \u2013 BRUY\u00c8RE 500 GR. ANTI-GOUTTE<\/h3>\n<p style=\"text-align: center;\"><strong>EAN-13: 8437001517916<\/strong><br \/>\nMiel de bruy\u00e8re en pot de 500 gr. plastique anti-goutte.<br \/>\n11 unit\u00e9s par bo\u00eete<\/p>\n<p>[\/vc_column_text][\/vc_column][vc_column width=&#8221;1\/4&#8243;][vc_single_image image=&#8221;9082&#8243; img_size=&#8221;full&#8221; alignment=&#8221;center&#8221; css=&#8221;.vc_custom_1648060830790{margin-bottom: 25px !important;}&#8221; image_hovers=&#8221;false&#8221;][vc_column_text css=&#8221;.vc_custom_1654077295090{margin-bottom: 40px !important;}&#8221;]<\/p>\n<h3 style=\"text-align: center;\">Ref. 011107 \u2013 BRUY\u00c8RE 980 GR.<\/h3>\n<p style=\"text-align: center;\"><strong>EAN-13: 8437013977791<\/strong><br \/>\nMiel de bruy\u00e8re avec pot en verre de 980 gr.<br \/>\n6 unit\u00e9s par bo\u00eete<\/p>\n<p>[\/vc_column_text][\/vc_column][vc_column width=&#8221;1\/4&#8243;][vc_single_image image=&#8221;9086&#8243; img_size=&#8221;full&#8221; alignment=&#8221;center&#8221; css=&#8221;.vc_custom_1648060873451{margin-bottom: 25px !important;}&#8221; image_hovers=&#8221;false&#8221;][vc_column_text css=&#8221;.vc_custom_1654077311438{margin-bottom: 40px !important;}&#8221;]<\/p>\n<h3 style=\"text-align: center;\">Ref. 011109 \u2013 BRUY\u00c8RE 2000 GR.<\/h3>\n<p style=\"text-align: center;\"><strong>EAN-13: 8437013977814<\/strong><br \/>\nMiel de bruy\u00e8re avec flacon plastique de 2000 gr.<br \/>\n6 unit\u00e9s par bo\u00eete<\/p>\n<p>[\/vc_column_text][\/vc_column][vc_column width=&#8221;1\/4&#8243;][vc_single_image image=&#8221;9090&#8243; img_size=&#8221;full&#8221; alignment=&#8221;center&#8221; css=&#8221;.vc_custom_1648060917123{margin-bottom: 25px !important;}&#8221; image_hovers=&#8221;false&#8221;][vc_column_text css=&#8221;.vc_custom_1654077338933{margin-bottom: 40px !important;}&#8221;]<\/p>\n<h3 style=\"text-align: center;\">Ref. 011110 \u2013 BRUY\u00c8RE 3000 GR.<\/h3>\n<p style=\"text-align: center;\"><strong>EAN-13: 8437013977821<\/strong><br \/>\nMiel de bruy\u00e8re avec flacon plastique de 3000 gr.<br \/>\n5 unit\u00e9s par bo\u00eete<\/p>\n<p>[\/vc_column_text][\/vc_column][\/vc_row][vc_row gap=&#8221;15&#8243; el_class=&#8221;formatos&#8221; css=&#8221;.vc_custom_1645553046136{margin-bottom: 60px !important;}&#8221;][vc_column width=&#8221;1\/4&#8243;][vc_single_image image=&#8221;11236&#8243; img_size=&#8221;full&#8221; alignment=&#8221;center&#8221; css=&#8221;.vc_custom_1699950072105{margin-bottom: 25px !important;}&#8221; image_hovers=&#8221;false&#8221;][vc_column_text css=&#8221;.vc_custom_1699354798138{margin-bottom: 40px !important;}&#8221;]<\/p>\n<h3 style=\"text-align: center;\">Ref. 011111 \u2013 BRUY\u00c8RE 5250 GR.<\/h3>\n<p style=\"text-align: center;\"><strong>EAN-13: 8437013977838<\/strong><br \/>\nMiel de bruy\u00e8re avec bouteille plastique 5250 gr<\/p>\n<p>[\/vc_column_text][\/vc_column][vc_column width=&#8221;1\/4&#8243;][\/vc_column][vc_column width=&#8221;1\/4&#8243;][\/vc_column][vc_column width=&#8221;1\/4&#8243;][\/vc_column][\/vc_row][vc_row][vc_column][vc_column_text css=&#8221;.vc_custom_1654077369002{margin-bottom: 60px !important;}&#8221;]<\/p>\n<p style=\"text-align: center;\"><strong>Nous avons des seaux de 10 et 20 kg. et f\u00fbts de 300 kg.<\/strong><\/p>\n<p>[\/vc_column_text][\/vc_column][\/vc_row][vc_row full_width=&#8221;stretch_row_content_no_spaces&#8221; bg_type=&#8221;image&#8221; parallax_style=&#8221;vcpb-vz-jquery&#8221; bg_image_new=&#8221;id^9839|url^https:\/\/www.meldelperello.com\/wp-content\/uploads\/2022\/04\/bg-2.jpg|caption^null|alt^null|title^bg|description^null&#8221; bg_image_repeat=&#8221;no-repeat&#8221; bg_override=&#8221;full&#8221; disable_on_mobile_img_parallax=&#8221;disable_on_mobile_img_parallax_value&#8221; el_class=&#8221;blanco poema&#8221;][vc_column][vc_empty_space height=&#8221;400&#8243;][\/vc_column][\/vc_row]<\/p>\n<\/div>","protected":false},"excerpt":{"rendered":"<p>[vc_row gap=&#8221;25&#8243; el_class=&#8221;producto&#8221; css=&#8221;.vc_custom_1645552768280{margin-bottom: 60px !important;}&#8221;][vc_column width=&#8221;1\/2&#8243;][vc_single_image image=&#8221;9425&#8243; img_size=&#8221;full&#8221;][\/vc_column][vc_column width=&#8221;1\/2&#8243;][vc_column_text css=&#8221;.vc_custom_1743610674613{margin-bottom: 50px !important;}&#8221;] MIEL DE BRUY\u00c8RE Miel fonc\u00e9, intense, pour cuisiner et se r\u00e9galer. Pour les m\u00e9lomanes. CARACT\u00c9RISTIQUES DU MIEL DE BRUY\u00c8RE Issu du nectar des fleurs de bruy\u00e8re (Erica cinerea, Erica vagans), ce miel se distingue par sa couleur fonc\u00e9e aux nuances rouge\u00e2tres et&hellip;<\/p>\n","protected":false},"author":1,"featured_media":9070,"parent":10428,"menu_order":0,"comment_status":"closed","ping_status":"closed","template":"","meta":{"inline_featured_image":false,"footnotes":""},"class_list":["post-10471","page","type-page","status-publish","has-post-thumbnail","hentry","description-off"],"yoast_head":"<!-- This site is optimized with the Yoast SEO plugin v27.3 - https:\/\/yoast.com\/product\/yoast-seo-wordpress\/ -->\n<title>MIEL DE BRUY\u00c8RE - L&#039;Avi Llu\u00eds<\/title>\n<meta name=\"description\" content=\"Achetez du Miel de Bruy\u00e8re pur et artisanal directement chez l&#039;apiculteur et profitez de la plus haute qualit\u00e9 \u2705 D\u00e9couvrez nos offres ! Exp\u00e9dition 24-48h\" \/>\n<meta name=\"robots\" content=\"index, follow, max-snippet:-1, max-image-preview:large, max-video-preview:-1\" \/>\n<link rel=\"canonical\" href=\"https:\/\/www.meldelperello.com\/fr\/produits\/miel\/bruyere\/\" \/>\n<meta property=\"og:locale\" content=\"fr_FR\" \/>\n<meta property=\"og:type\" content=\"article\" \/>\n<meta property=\"og:title\" content=\"MIEL DE BRUY\u00c8RE - L&#039;Avi Llu\u00eds\" \/>\n<meta property=\"og:description\" content=\"Achetez du Miel de Bruy\u00e8re pur et artisanal directement chez l&#039;apiculteur et profitez de la plus haute qualit\u00e9 \u2705 D\u00e9couvrez nos offres ! Exp\u00e9dition 24-48h\" \/>\n<meta property=\"og:url\" content=\"https:\/\/www.meldelperello.com\/fr\/produits\/miel\/bruyere\/\" \/>\n<meta property=\"og:site_name\" content=\"L&#039;Avi Llu\u00eds\" \/>\n<meta property=\"article:publisher\" content=\"https:\/\/www.facebook.com\/avi.lluis\/\" \/>\n<meta property=\"article:modified_time\" content=\"2025-04-02T16:18:25+00:00\" \/>\n<meta property=\"og:image\" content=\"https:\/\/www.meldelperello.com\/wp-content\/uploads\/2022\/03\/Mel-de-lAvi-Llui\u0301s-gener-2020-Bruc-250g.jpg\" \/>\n\t<meta property=\"og:image:width\" content=\"300\" \/>\n\t<meta property=\"og:image:height\" content=\"300\" \/>\n\t<meta property=\"og:image:type\" content=\"image\/jpeg\" \/>\n<meta name=\"twitter:card\" content=\"summary_large_image\" \/>\n<meta name=\"twitter:label1\" content=\"Dur\u00e9e de lecture estim\u00e9e\" \/>\n\t<meta name=\"twitter:data1\" content=\"6 minutes\" \/>\n<script type=\"application\/ld+json\" class=\"yoast-schema-graph\">{\"@context\":\"https:\\\/\\\/schema.org\",\"@graph\":[{\"@type\":\"WebPage\",\"@id\":\"https:\\\/\\\/www.meldelperello.com\\\/fr\\\/produits\\\/miel\\\/bruyere\\\/\",\"url\":\"https:\\\/\\\/www.meldelperello.com\\\/fr\\\/produits\\\/miel\\\/bruyere\\\/\",\"name\":\"MIEL DE BRUY\u00c8RE - L&#039;Avi Llu\u00eds\",\"isPartOf\":{\"@id\":\"https:\\\/\\\/www.meldelperello.com\\\/fr\\\/#website\"},\"primaryImageOfPage\":{\"@id\":\"https:\\\/\\\/www.meldelperello.com\\\/fr\\\/produits\\\/miel\\\/bruyere\\\/#primaryimage\"},\"image\":{\"@id\":\"https:\\\/\\\/www.meldelperello.com\\\/fr\\\/produits\\\/miel\\\/bruyere\\\/#primaryimage\"},\"thumbnailUrl\":\"https:\\\/\\\/www.meldelperello.com\\\/wp-content\\\/uploads\\\/2022\\\/03\\\/Mel-de-lAvi-Llui\u0301s-gener-2020-Bruc-250g.jpg\",\"datePublished\":\"2022-03-23T18:33:06+00:00\",\"dateModified\":\"2025-04-02T16:18:25+00:00\",\"description\":\"Achetez du Miel de Bruy\u00e8re pur et artisanal directement chez l'apiculteur et profitez de la plus haute qualit\u00e9 \u2705 D\u00e9couvrez nos offres ! Exp\u00e9dition 24-48h\",\"breadcrumb\":{\"@id\":\"https:\\\/\\\/www.meldelperello.com\\\/fr\\\/produits\\\/miel\\\/bruyere\\\/#breadcrumb\"},\"inLanguage\":\"fr-FR\",\"potentialAction\":[{\"@type\":\"ReadAction\",\"target\":[\"https:\\\/\\\/www.meldelperello.com\\\/fr\\\/produits\\\/miel\\\/bruyere\\\/\"]}]},{\"@type\":\"ImageObject\",\"inLanguage\":\"fr-FR\",\"@id\":\"https:\\\/\\\/www.meldelperello.com\\\/fr\\\/produits\\\/miel\\\/bruyere\\\/#primaryimage\",\"url\":\"https:\\\/\\\/www.meldelperello.com\\\/wp-content\\\/uploads\\\/2022\\\/03\\\/Mel-de-lAvi-Llui\u0301s-gener-2020-Bruc-250g.jpg\",\"contentUrl\":\"https:\\\/\\\/www.meldelperello.com\\\/wp-content\\\/uploads\\\/2022\\\/03\\\/Mel-de-lAvi-Llui\u0301s-gener-2020-Bruc-250g.jpg\",\"width\":300,\"height\":300,\"caption\":\"mel avi lluis perello baix ebre catalunya - miel abejas panal natural eco\"},{\"@type\":\"BreadcrumbList\",\"@id\":\"https:\\\/\\\/www.meldelperello.com\\\/fr\\\/produits\\\/miel\\\/bruyere\\\/#breadcrumb\",\"itemListElement\":[{\"@type\":\"ListItem\",\"position\":1,\"name\":\"Inici\",\"item\":\"https:\\\/\\\/www.meldelperello.com\\\/fr\\\/\"},{\"@type\":\"ListItem\",\"position\":2,\"name\":\"PRODUITS\",\"item\":\"https:\\\/\\\/www.meldelperello.com\\\/fr\\\/produits\\\/\"},{\"@type\":\"ListItem\",\"position\":3,\"name\":\"MIEL\",\"item\":\"https:\\\/\\\/www.meldelperello.com\\\/fr\\\/produits\\\/miel\\\/\"},{\"@type\":\"ListItem\",\"position\":4,\"name\":\"MIEL DE BRUY\u00c8RE\"}]},{\"@type\":\"WebSite\",\"@id\":\"https:\\\/\\\/www.meldelperello.com\\\/fr\\\/#website\",\"url\":\"https:\\\/\\\/www.meldelperello.com\\\/fr\\\/\",\"name\":\"L&#039;Avi Llu\u00eds\",\"description\":\"Apicultors i productors de mel natural, pura i artesana\",\"publisher\":{\"@id\":\"https:\\\/\\\/www.meldelperello.com\\\/fr\\\/#organization\"},\"potentialAction\":[{\"@type\":\"SearchAction\",\"target\":{\"@type\":\"EntryPoint\",\"urlTemplate\":\"https:\\\/\\\/www.meldelperello.com\\\/fr\\\/?s={search_term_string}\"},\"query-input\":{\"@type\":\"PropertyValueSpecification\",\"valueRequired\":true,\"valueName\":\"search_term_string\"}}],\"inLanguage\":\"fr-FR\"},{\"@type\":\"Organization\",\"@id\":\"https:\\\/\\\/www.meldelperello.com\\\/fr\\\/#organization\",\"name\":\"L'Avi Llu\u00eds\",\"url\":\"https:\\\/\\\/www.meldelperello.com\\\/fr\\\/\",\"logo\":{\"@type\":\"ImageObject\",\"inLanguage\":\"fr-FR\",\"@id\":\"https:\\\/\\\/www.meldelperello.com\\\/fr\\\/#\\\/schema\\\/logo\\\/image\\\/\",\"url\":\"https:\\\/\\\/www.meldelperello.com\\\/wp-content\\\/uploads\\\/2022\\\/02\\\/logo.svg\",\"contentUrl\":\"https:\\\/\\\/www.meldelperello.com\\\/wp-content\\\/uploads\\\/2022\\\/02\\\/logo.svg\",\"width\":137,\"height\":121,\"caption\":\"L'Avi Llu\u00eds\"},\"image\":{\"@id\":\"https:\\\/\\\/www.meldelperello.com\\\/fr\\\/#\\\/schema\\\/logo\\\/image\\\/\"},\"sameAs\":[\"https:\\\/\\\/www.facebook.com\\\/avi.lluis\\\/\",\"https:\\\/\\\/www.instagram.com\\\/avilluis_meldelperello\\\/\",\"https:\\\/\\\/www.youtube.com\\\/c\\\/MeldelperelloAviLluis\"]}]}<\/script>\n<!-- \/ Yoast SEO plugin. -->","yoast_head_json":{"title":"MIEL DE BRUY\u00c8RE - L&#039;Avi Llu\u00eds","description":"Achetez du Miel de Bruy\u00e8re pur et artisanal directement chez l'apiculteur et profitez de la plus haute qualit\u00e9 \u2705 D\u00e9couvrez nos offres ! Exp\u00e9dition 24-48h","robots":{"index":"index","follow":"follow","max-snippet":"max-snippet:-1","max-image-preview":"max-image-preview:large","max-video-preview":"max-video-preview:-1"},"canonical":"https:\/\/www.meldelperello.com\/fr\/produits\/miel\/bruyere\/","og_locale":"fr_FR","og_type":"article","og_title":"MIEL DE BRUY\u00c8RE - L&#039;Avi Llu\u00eds","og_description":"Achetez du Miel de Bruy\u00e8re pur et artisanal directement chez l'apiculteur et profitez de la plus haute qualit\u00e9 \u2705 D\u00e9couvrez nos offres ! Exp\u00e9dition 24-48h","og_url":"https:\/\/www.meldelperello.com\/fr\/produits\/miel\/bruyere\/","og_site_name":"L&#039;Avi Llu\u00eds","article_publisher":"https:\/\/www.facebook.com\/avi.lluis\/","article_modified_time":"2025-04-02T16:18:25+00:00","og_image":[{"width":300,"height":300,"url":"https:\/\/www.meldelperello.com\/wp-content\/uploads\/2022\/03\/Mel-de-lAvi-Llui\u0301s-gener-2020-Bruc-250g.jpg","type":"image\/jpeg"}],"twitter_card":"summary_large_image","twitter_misc":{"Dur\u00e9e de lecture estim\u00e9e":"6 minutes"},"schema":{"@context":"https:\/\/schema.org","@graph":[{"@type":"WebPage","@id":"https:\/\/www.meldelperello.com\/fr\/produits\/miel\/bruyere\/","url":"https:\/\/www.meldelperello.com\/fr\/produits\/miel\/bruyere\/","name":"MIEL DE BRUY\u00c8RE - L&#039;Avi Llu\u00eds","isPartOf":{"@id":"https:\/\/www.meldelperello.com\/fr\/#website"},"primaryImageOfPage":{"@id":"https:\/\/www.meldelperello.com\/fr\/produits\/miel\/bruyere\/#primaryimage"},"image":{"@id":"https:\/\/www.meldelperello.com\/fr\/produits\/miel\/bruyere\/#primaryimage"},"thumbnailUrl":"https:\/\/www.meldelperello.com\/wp-content\/uploads\/2022\/03\/Mel-de-lAvi-Llui\u0301s-gener-2020-Bruc-250g.jpg","datePublished":"2022-03-23T18:33:06+00:00","dateModified":"2025-04-02T16:18:25+00:00","description":"Achetez du Miel de Bruy\u00e8re pur et artisanal directement chez l'apiculteur et profitez de la plus haute qualit\u00e9 \u2705 D\u00e9couvrez nos offres ! Exp\u00e9dition 24-48h","breadcrumb":{"@id":"https:\/\/www.meldelperello.com\/fr\/produits\/miel\/bruyere\/#breadcrumb"},"inLanguage":"fr-FR","potentialAction":[{"@type":"ReadAction","target":["https:\/\/www.meldelperello.com\/fr\/produits\/miel\/bruyere\/"]}]},{"@type":"ImageObject","inLanguage":"fr-FR","@id":"https:\/\/www.meldelperello.com\/fr\/produits\/miel\/bruyere\/#primaryimage","url":"https:\/\/www.meldelperello.com\/wp-content\/uploads\/2022\/03\/Mel-de-lAvi-Llui\u0301s-gener-2020-Bruc-250g.jpg","contentUrl":"https:\/\/www.meldelperello.com\/wp-content\/uploads\/2022\/03\/Mel-de-lAvi-Llui\u0301s-gener-2020-Bruc-250g.jpg","width":300,"height":300,"caption":"mel avi lluis perello baix ebre catalunya - miel abejas panal natural eco"},{"@type":"BreadcrumbList","@id":"https:\/\/www.meldelperello.com\/fr\/produits\/miel\/bruyere\/#breadcrumb","itemListElement":[{"@type":"ListItem","position":1,"name":"Inici","item":"https:\/\/www.meldelperello.com\/fr\/"},{"@type":"ListItem","position":2,"name":"PRODUITS","item":"https:\/\/www.meldelperello.com\/fr\/produits\/"},{"@type":"ListItem","position":3,"name":"MIEL","item":"https:\/\/www.meldelperello.com\/fr\/produits\/miel\/"},{"@type":"ListItem","position":4,"name":"MIEL DE BRUY\u00c8RE"}]},{"@type":"WebSite","@id":"https:\/\/www.meldelperello.com\/fr\/#website","url":"https:\/\/www.meldelperello.com\/fr\/","name":"L&#039;Avi Llu\u00eds","description":"Apicultors i productors de mel natural, pura i artesana","publisher":{"@id":"https:\/\/www.meldelperello.com\/fr\/#organization"},"potentialAction":[{"@type":"SearchAction","target":{"@type":"EntryPoint","urlTemplate":"https:\/\/www.meldelperello.com\/fr\/?s={search_term_string}"},"query-input":{"@type":"PropertyValueSpecification","valueRequired":true,"valueName":"search_term_string"}}],"inLanguage":"fr-FR"},{"@type":"Organization","@id":"https:\/\/www.meldelperello.com\/fr\/#organization","name":"L'Avi Llu\u00eds","url":"https:\/\/www.meldelperello.com\/fr\/","logo":{"@type":"ImageObject","inLanguage":"fr-FR","@id":"https:\/\/www.meldelperello.com\/fr\/#\/schema\/logo\/image\/","url":"https:\/\/www.meldelperello.com\/wp-content\/uploads\/2022\/02\/logo.svg","contentUrl":"https:\/\/www.meldelperello.com\/wp-content\/uploads\/2022\/02\/logo.svg","width":137,"height":121,"caption":"L'Avi Llu\u00eds"},"image":{"@id":"https:\/\/www.meldelperello.com\/fr\/#\/schema\/logo\/image\/"},"sameAs":["https:\/\/www.facebook.com\/avi.lluis\/","https:\/\/www.instagram.com\/avilluis_meldelperello\/","https:\/\/www.youtube.com\/c\/MeldelperelloAviLluis"]}]}},"_links":{"self":[{"href":"https:\/\/www.meldelperello.com\/fr\/wp-json\/wp\/v2\/pages\/10471","targetHints":{"allow":["GET"]}}],"collection":[{"href":"https:\/\/www.meldelperello.com\/fr\/wp-json\/wp\/v2\/pages"}],"about":[{"href":"https:\/\/www.meldelperello.com\/fr\/wp-json\/wp\/v2\/types\/page"}],"author":[{"embeddable":true,"href":"https:\/\/www.meldelperello.com\/fr\/wp-json\/wp\/v2\/users\/1"}],"replies":[{"embeddable":true,"href":"https:\/\/www.meldelperello.com\/fr\/wp-json\/wp\/v2\/comments?post=10471"}],"version-history":[{"count":9,"href":"https:\/\/www.meldelperello.com\/fr\/wp-json\/wp\/v2\/pages\/10471\/revisions"}],"predecessor-version":[{"id":11949,"href":"https:\/\/www.meldelperello.com\/fr\/wp-json\/wp\/v2\/pages\/10471\/revisions\/11949"}],"up":[{"embeddable":true,"href":"https:\/\/www.meldelperello.com\/fr\/wp-json\/wp\/v2\/pages\/10428"}],"wp:featuredmedia":[{"embeddable":true,"href":"https:\/\/www.meldelperello.com\/fr\/wp-json\/wp\/v2\/media\/9070"}],"wp:attachment":[{"href":"https:\/\/www.meldelperello.com\/fr\/wp-json\/wp\/v2\/media?parent=10471"}],"curies":[{"name":"wp","href":"https:\/\/api.w.org\/{rel}","templated":true}]}}