{"id":10423,"date":"2022-02-22T17:04:02","date_gmt":"2022-02-22T16:04:02","guid":{"rendered":"https:\/\/perello.debonatinta.com\/productes\/"},"modified":"2023-11-10T11:01:25","modified_gmt":"2023-11-10T10:01:25","slug":"produits","status":"publish","type":"page","link":"https:\/\/www.meldelperello.com\/fr\/produits\/","title":{"rendered":"PRODUITS"},"content":{"rendered":"<div class=\"wpb-content-wrapper\"><p>[vc_row][vc_column][vc_column_text css=&#8221;.vc_custom_1654016641751{margin-bottom: 50px !important;}&#8221;]<\/p>\n<h1 style=\"text-align: center;\"><strong>LES PRODUITS DE L\u2019AVI LLU\u00cdS<\/strong><\/h1>\n<p>[\/vc_column_text][vc_row_inner][vc_column_inner width=&#8221;1\/12&#8243;][\/vc_column_inner][vc_column_inner width=&#8221;10\/12&#8243;][vc_column_text css=&#8221;.vc_custom_1654016652494{margin-bottom: 50px !important;}&#8221;]<\/p>\n<p style=\"text-align: center;\">Chez l\u2019Avi Llu\u00eds, nous proposons une grande s\u00e9lection de produits de qualit\u00e9 et de kilom\u00e8tre z\u00e9ro. Pour commencer, nous disposons d\u2019un important catalogue de miels de diff\u00e9rentes vari\u00e9t\u00e9s issus de notre propre r\u00e9colte\u00a0: miel de romarin, miel d\u2019oranger, miel de thym, miel de montagne, miel de mille fleurs, miel d\u2019eucalyptus, miel de for\u00eat et miel de bruy\u00e8re\u00a0; mais aussi d\u2019autres produits d\u00e9riv\u00e9s du miel et des abeilles tels que le pollen, la gel\u00e9e royale, la propolis ou des produits de cosm\u00e9tique naturels. Sans oublier notre propre huile d\u2019olive\u00a0: nous r\u00e9coltons nous-m\u00eames les olives \u00e0 El Perell\u00f3 en hiver, quand les abeilles profitent d\u2019un repos annuel bien m\u00e9rit\u00e9.<\/p>\n<p>[\/vc_column_text][\/vc_column_inner][vc_column_inner width=&#8221;1\/12&#8243;][\/vc_column_inner][\/vc_row_inner][\/vc_column][\/vc_row][vc_row gap=&#8221;15&#8243; el_class=&#8221;productos&#8221;][vc_column width=&#8221;1\/3&#8243;][vc_single_image image=&#8221;9333&#8243; img_size=&#8221;full&#8221; alignment=&#8221;center&#8221; onclick=&#8221;custom_link&#8221; css=&#8221;.vc_custom_1654016725550{margin-bottom: 15px !important;}&#8221; link=&#8221;\/fr\/produits\/miel\/&#8221;][vc_column_text css=&#8221;.vc_custom_1654016712435{margin-bottom: 40px !important;}&#8221;]<\/p>\n<h3 style=\"text-align: center;\"><strong>MIELS<\/strong><\/h3>\n<p style=\"text-align: center;\">Miel de r\u00e9colte propre, pur et 100% naturel, sans manipulation et conditionn\u00e9 par nos soins.<\/p>\n<p style=\"text-align: center;\"><a href=\"\/fr\/produits\/miel\/\">CHOISIR<\/a><\/p>\n<p>[\/vc_column_text][\/vc_column][vc_column width=&#8221;1\/3&#8243;][vc_single_image image=&#8221;9341&#8243; img_size=&#8221;full&#8221; alignment=&#8221;center&#8221; onclick=&#8221;custom_link&#8221; css=&#8221;.vc_custom_1654016773727{margin-bottom: 15px !important;}&#8221; link=&#8221;\/fr\/produits\/pollen\/&#8221;][vc_column_text css=&#8221;.vc_custom_1654016765793{margin-bottom: 40px !important;}&#8221;]<\/p>\n<h3 style=\"text-align: center;\"><strong>POLLEN<\/strong><\/h3>\n<p style=\"text-align: center;\">Le pollen contient des prot\u00e9ines et est la plus grande source connue de vitamines, de min\u00e9raux et de glucides \u00e0 ce jour.<\/p>\n<p style=\"text-align: center;\"><a href=\"\/fr\/produits\/pollen\/\">CHOISIR<\/a><\/p>\n<p>[\/vc_column_text][\/vc_column][vc_column width=&#8221;1\/3&#8243;][vc_single_image image=&#8221;9345&#8243; img_size=&#8221;full&#8221; alignment=&#8221;center&#8221; onclick=&#8221;custom_link&#8221; css=&#8221;.vc_custom_1654016848868{margin-bottom: 15px !important;}&#8221; link=&#8221;\/fr\/produits\/propolis\/&#8221;][vc_column_text css=&#8221;.vc_custom_1654016841520{margin-bottom: 40px !important;}&#8221;]<\/p>\n<h3 style=\"text-align: center;\"><strong>PROPOLIS<\/strong><\/h3>\n<p style=\"text-align: center;\">Propolis extraite directement des rayons de miel, un excellent compl\u00e9ment alimentaire depuis l&#8217;Antiquit\u00e9.<\/p>\n<p style=\"text-align: center;\"><a href=\"\/fr\/produits\/propolis\/\">D\u00c9COUVREZ LE<\/a><\/p>\n<p>[\/vc_column_text][\/vc_column][\/vc_row][vc_row gap=&#8221;15&#8243; el_class=&#8221;productos&#8221;][vc_column width=&#8221;1\/3&#8243;][vc_single_image image=&#8221;9694&#8243; img_size=&#8221;full&#8221; alignment=&#8221;center&#8221; onclick=&#8221;custom_link&#8221; css=&#8221;.vc_custom_1654016939469{margin-bottom: 15px !important;}&#8221; link=&#8221;\/fr\/produits\/miel-a-valeur-ajoutee&#8221;][vc_column_text css=&#8221;.vc_custom_1654016932332{margin-bottom: 40px !important;}&#8221;]<\/p>\n<h3 style=\"text-align: center;\"><strong>MIEL \u00c0 VALEUR AJOUT\u00c9E<\/strong><\/h3>\n<p style=\"text-align: center;\">Nous ajoutons au miel naturel la valeur ajout\u00e9e des propri\u00e9t\u00e9s du pollen, de la gel\u00e9e royale et de la propolis.<\/p>\n<p style=\"text-align: center;\"><a href=\"\/fr\/produits\/miel-a-valeur-ajoutee\">D\u00c9COUVREZ LE<\/a><\/p>\n<p>[\/vc_column_text][\/vc_column][vc_column width=&#8221;1\/3&#8243;][vc_single_image image=&#8221;9325&#8243; img_size=&#8221;full&#8221; alignment=&#8221;center&#8221; onclick=&#8221;custom_link&#8221; css=&#8221;.vc_custom_1654017000271{margin-bottom: 15px !important;}&#8221; link=&#8221;\/fr\/produits\/gelee-royale\/&#8221;][vc_column_text css=&#8221;.vc_custom_1654016987061{margin-bottom: 40px !important;}&#8221;]<\/p>\n<h3 style=\"text-align: center;\"><strong>GEL\u00c9E ROYALE<\/strong><\/h3>\n<p style=\"text-align: center;\">Le super aliment de la nature est un excellent revitalisant qui renforce les d\u00e9fenses et am\u00e9liore le syst\u00e8me immunitaire.<\/p>\n<p style=\"text-align: center;\"><a href=\"\/fr\/produits\/gelee-royale\/\">D\u00c9COUVREZ LE<\/a><\/p>\n<p>[\/vc_column_text][\/vc_column][vc_column width=&#8221;1\/3&#8243;][vc_single_image image=&#8221;9321&#8243; img_size=&#8221;full&#8221; alignment=&#8221;center&#8221; onclick=&#8221;custom_link&#8221; css=&#8221;.vc_custom_1654017076780{margin-bottom: 15px !important;}&#8221; link=&#8221;\/fr\/produits\/produits-cosmetiques\/&#8221;][vc_column_text css=&#8221;.vc_custom_1654017062901{margin-bottom: 40px !important;}&#8221;]<\/p>\n<h3 style=\"text-align: center;\"><strong>PRODUITS COSM\u00c9TIQUES<\/strong><\/h3>\n<p style=\"text-align: center;\">Cosm\u00e9tiques naturels \u00e0 base de produits issus des abeilles.<\/p>\n<p style=\"text-align: center;\"><a href=\"\/fr\/produits\/produits-cosmetiques\/\">D\u00c9COUVREZ LE<\/a><\/p>\n<p>[\/vc_column_text][\/vc_column][\/vc_row][vc_row gap=&#8221;15&#8243; el_class=&#8221;productos&#8221;][vc_column width=&#8221;1\/3&#8243;][vc_single_image image=&#8221;9337&#8243; img_size=&#8221;full&#8221; alignment=&#8221;center&#8221; onclick=&#8221;custom_link&#8221; css=&#8221;.vc_custom_1654017129292{margin-bottom: 15px !important;}&#8221; link=&#8221;\/fr\/produits\/huile-olive&#8221;][vc_column_text css=&#8221;.vc_custom_1654017121567{margin-bottom: 40px !important;}&#8221;]<\/p>\n<h3 style=\"text-align: center;\"><strong>HUILE D\u2019OLIVE<\/strong><\/h3>\n<p style=\"text-align: center;\">Huile d&#8217;olive verte, produite \u00e0 El Perell\u00f3 avec une saveur fruit\u00e9e l\u00e9g\u00e8rement sucr\u00e9e, avec des touches am\u00e8res et \u00e9pic\u00e9es.<\/p>\n<p style=\"text-align: center;\"><a href=\"\/fr\/produits\/huile-olive\">CHOISIR<\/a><\/p>\n<p>[\/vc_column_text][\/vc_column][vc_column width=&#8221;1\/3&#8243;][vc_single_image image=&#8221;9329&#8243; img_size=&#8221;full&#8221; alignment=&#8221;center&#8221; onclick=&#8221;custom_link&#8221; css=&#8221;.vc_custom_1654017210164{margin-bottom: 15px !important;}&#8221; link=&#8221;\/fr\/produits\/hydromel-et-vinaigre\/&#8221;][vc_column_text css=&#8221;.vc_custom_1654017202042{margin-bottom: 40px !important;}&#8221;]<\/p>\n<h3 style=\"text-align: center;\"><strong>HYDROMEL ET VINAIGRE<\/strong><\/h3>\n<p style=\"text-align: center;\">D\u00e9couvrez l&#8217;hydromel et le vinaigre de miel, deux produits consomm\u00e9s depuis l&#8217;Antiquit\u00e9.<\/p>\n<p style=\"text-align: center;\"><a href=\"\/fr\/produits\/hydromel-et-vinaigre\/\">CHOISIR<\/a><\/p>\n<p>[\/vc_column_text][\/vc_column][vc_column width=&#8221;1\/3&#8243;][vc_single_image image=&#8221;11210&#8243; img_size=&#8221;full&#8221; alignment=&#8221;center&#8221; onclick=&#8221;custom_link&#8221; css=&#8221;.vc_custom_1699610479156{margin-bottom: 15px !important;}&#8221; link=&#8221;\/fr\/produits\/autres-produits\/&#8221;][vc_column_text css=&#8221;.vc_custom_1654017263229{margin-bottom: 40px !important;}&#8221;]<\/p>\n<h3 style=\"text-align: center;\"><strong>AUTRES PRODUITS<\/strong><\/h3>\n<p style=\"text-align: center;\">D\u00e9couvrez tous les produits que nous fabriquons \u00e0 partir de miel et d\u00e9riv\u00e9s.<\/p>\n<p style=\"text-align: center;\"><a href=\"\/fr\/produits\/autres-produits\/\">D\u00c9COUVREZ-LES<\/a><\/p>\n<p>[\/vc_column_text][\/vc_column][\/vc_row]<\/p>\n<\/div>","protected":false},"excerpt":{"rendered":"<p>[vc_row][vc_column][vc_column_text css=&#8221;.vc_custom_1654016641751{margin-bottom: 50px !important;}&#8221;] LES PRODUITS DE L\u2019AVI LLU\u00cdS [\/vc_column_text][vc_row_inner][vc_column_inner width=&#8221;1\/12&#8243;][\/vc_column_inner][vc_column_inner width=&#8221;10\/12&#8243;][vc_column_text css=&#8221;.vc_custom_1654016652494{margin-bottom: 50px !important;}&#8221;] Chez l\u2019Avi Llu\u00eds, nous proposons une grande s\u00e9lection de produits de qualit\u00e9 et de kilom\u00e8tre z\u00e9ro. Pour commencer, nous disposons d\u2019un important catalogue de miels de diff\u00e9rentes vari\u00e9t\u00e9s issus de notre propre r\u00e9colte\u00a0: miel de romarin, miel d\u2019oranger, miel de&hellip;<\/p>\n","protected":false},"author":1,"featured_media":8931,"parent":0,"menu_order":0,"comment_status":"closed","ping_status":"closed","template":"","meta":{"inline_featured_image":false,"footnotes":""},"class_list":["post-10423","page","type-page","status-publish","has-post-thumbnail","hentry","description-off"],"yoast_head":"<!-- This site is optimized with the Yoast SEO plugin v27.3 - https:\/\/yoast.com\/product\/yoast-seo-wordpress\/ -->\n<title>PRODUITS - L&#039;Avi Llu\u00eds<\/title>\n<meta name=\"description\" content=\"Achetez des produits Avi Llu\u00eds, du miel, du pollen, de la propolis, de la gel\u00e9e royale, de l&#039;huile d&#039;olive extra vierge, des cosm\u00e9tiques naturels et d&#039;autres produits\" \/>\n<meta name=\"robots\" content=\"index, follow, max-snippet:-1, max-image-preview:large, max-video-preview:-1\" \/>\n<link rel=\"canonical\" href=\"https:\/\/www.meldelperello.com\/fr\/produits\/\" \/>\n<meta property=\"og:locale\" content=\"fr_FR\" \/>\n<meta property=\"og:type\" content=\"article\" \/>\n<meta property=\"og:title\" content=\"PRODUITS - L&#039;Avi Llu\u00eds\" \/>\n<meta property=\"og:description\" content=\"Achetez des produits Avi Llu\u00eds, du miel, du pollen, de la propolis, de la gel\u00e9e royale, de l&#039;huile d&#039;olive extra vierge, des cosm\u00e9tiques naturels et d&#039;autres produits\" \/>\n<meta property=\"og:url\" content=\"https:\/\/www.meldelperello.com\/fr\/produits\/\" \/>\n<meta property=\"og:site_name\" content=\"L&#039;Avi Llu\u00eds\" \/>\n<meta property=\"article:publisher\" content=\"https:\/\/www.facebook.com\/avi.lluis\/\" \/>\n<meta property=\"article:modified_time\" content=\"2023-11-10T10:01:25+00:00\" \/>\n<meta property=\"og:image\" content=\"https:\/\/www.meldelperello.com\/wp-content\/uploads\/2022\/03\/Mel-de-lAvi-Llui\u0301s-gener-2020-Farigola-250g.jpg\" \/>\n\t<meta property=\"og:image:width\" content=\"300\" \/>\n\t<meta property=\"og:image:height\" content=\"300\" \/>\n\t<meta property=\"og:image:type\" content=\"image\/jpeg\" \/>\n<meta name=\"twitter:card\" content=\"summary_large_image\" \/>\n<meta name=\"twitter:label1\" content=\"Dur\u00e9e de lecture estim\u00e9e\" \/>\n\t<meta name=\"twitter:data1\" content=\"3 minutes\" \/>\n<script type=\"application\/ld+json\" class=\"yoast-schema-graph\">{\"@context\":\"https:\\\/\\\/schema.org\",\"@graph\":[{\"@type\":\"WebPage\",\"@id\":\"https:\\\/\\\/www.meldelperello.com\\\/fr\\\/produits\\\/\",\"url\":\"https:\\\/\\\/www.meldelperello.com\\\/fr\\\/produits\\\/\",\"name\":\"PRODUITS - L&#039;Avi Llu\u00eds\",\"isPartOf\":{\"@id\":\"https:\\\/\\\/www.meldelperello.com\\\/fr\\\/#website\"},\"primaryImageOfPage\":{\"@id\":\"https:\\\/\\\/www.meldelperello.com\\\/fr\\\/produits\\\/#primaryimage\"},\"image\":{\"@id\":\"https:\\\/\\\/www.meldelperello.com\\\/fr\\\/produits\\\/#primaryimage\"},\"thumbnailUrl\":\"https:\\\/\\\/www.meldelperello.com\\\/wp-content\\\/uploads\\\/2022\\\/03\\\/Mel-de-lAvi-Llui\u0301s-gener-2020-Farigola-250g.jpg\",\"datePublished\":\"2022-02-22T16:04:02+00:00\",\"dateModified\":\"2023-11-10T10:01:25+00:00\",\"description\":\"Achetez des produits Avi Llu\u00eds, du miel, du pollen, de la propolis, de la gel\u00e9e royale, de l'huile d'olive extra vierge, des cosm\u00e9tiques naturels et d'autres produits\",\"breadcrumb\":{\"@id\":\"https:\\\/\\\/www.meldelperello.com\\\/fr\\\/produits\\\/#breadcrumb\"},\"inLanguage\":\"fr-FR\",\"potentialAction\":[{\"@type\":\"ReadAction\",\"target\":[\"https:\\\/\\\/www.meldelperello.com\\\/fr\\\/produits\\\/\"]}]},{\"@type\":\"ImageObject\",\"inLanguage\":\"fr-FR\",\"@id\":\"https:\\\/\\\/www.meldelperello.com\\\/fr\\\/produits\\\/#primaryimage\",\"url\":\"https:\\\/\\\/www.meldelperello.com\\\/wp-content\\\/uploads\\\/2022\\\/03\\\/Mel-de-lAvi-Llui\u0301s-gener-2020-Farigola-250g.jpg\",\"contentUrl\":\"https:\\\/\\\/www.meldelperello.com\\\/wp-content\\\/uploads\\\/2022\\\/03\\\/Mel-de-lAvi-Llui\u0301s-gener-2020-Farigola-250g.jpg\",\"width\":300,\"height\":300,\"caption\":\"mel avi lluis perello baix ebre catalunya - miel abejas panal natural eco\"},{\"@type\":\"BreadcrumbList\",\"@id\":\"https:\\\/\\\/www.meldelperello.com\\\/fr\\\/produits\\\/#breadcrumb\",\"itemListElement\":[{\"@type\":\"ListItem\",\"position\":1,\"name\":\"Inici\",\"item\":\"https:\\\/\\\/www.meldelperello.com\\\/fr\\\/\"},{\"@type\":\"ListItem\",\"position\":2,\"name\":\"PRODUITS\"}]},{\"@type\":\"WebSite\",\"@id\":\"https:\\\/\\\/www.meldelperello.com\\\/fr\\\/#website\",\"url\":\"https:\\\/\\\/www.meldelperello.com\\\/fr\\\/\",\"name\":\"L&#039;Avi Llu\u00eds\",\"description\":\"Apicultors i productors de mel natural, pura i artesana\",\"publisher\":{\"@id\":\"https:\\\/\\\/www.meldelperello.com\\\/fr\\\/#organization\"},\"potentialAction\":[{\"@type\":\"SearchAction\",\"target\":{\"@type\":\"EntryPoint\",\"urlTemplate\":\"https:\\\/\\\/www.meldelperello.com\\\/fr\\\/?s={search_term_string}\"},\"query-input\":{\"@type\":\"PropertyValueSpecification\",\"valueRequired\":true,\"valueName\":\"search_term_string\"}}],\"inLanguage\":\"fr-FR\"},{\"@type\":\"Organization\",\"@id\":\"https:\\\/\\\/www.meldelperello.com\\\/fr\\\/#organization\",\"name\":\"L'Avi Llu\u00eds\",\"url\":\"https:\\\/\\\/www.meldelperello.com\\\/fr\\\/\",\"logo\":{\"@type\":\"ImageObject\",\"inLanguage\":\"fr-FR\",\"@id\":\"https:\\\/\\\/www.meldelperello.com\\\/fr\\\/#\\\/schema\\\/logo\\\/image\\\/\",\"url\":\"https:\\\/\\\/www.meldelperello.com\\\/wp-content\\\/uploads\\\/2022\\\/02\\\/logo.svg\",\"contentUrl\":\"https:\\\/\\\/www.meldelperello.com\\\/wp-content\\\/uploads\\\/2022\\\/02\\\/logo.svg\",\"width\":137,\"height\":121,\"caption\":\"L'Avi Llu\u00eds\"},\"image\":{\"@id\":\"https:\\\/\\\/www.meldelperello.com\\\/fr\\\/#\\\/schema\\\/logo\\\/image\\\/\"},\"sameAs\":[\"https:\\\/\\\/www.facebook.com\\\/avi.lluis\\\/\",\"https:\\\/\\\/www.instagram.com\\\/avilluis_meldelperello\\\/\",\"https:\\\/\\\/www.youtube.com\\\/c\\\/MeldelperelloAviLluis\"]}]}<\/script>\n<!-- \/ Yoast SEO plugin. -->","yoast_head_json":{"title":"PRODUITS - L&#039;Avi Llu\u00eds","description":"Achetez des produits Avi Llu\u00eds, du miel, du pollen, de la propolis, de la gel\u00e9e royale, de l'huile d'olive extra vierge, des cosm\u00e9tiques naturels et d'autres produits","robots":{"index":"index","follow":"follow","max-snippet":"max-snippet:-1","max-image-preview":"max-image-preview:large","max-video-preview":"max-video-preview:-1"},"canonical":"https:\/\/www.meldelperello.com\/fr\/produits\/","og_locale":"fr_FR","og_type":"article","og_title":"PRODUITS - L&#039;Avi Llu\u00eds","og_description":"Achetez des produits Avi Llu\u00eds, du miel, du pollen, de la propolis, de la gel\u00e9e royale, de l'huile d'olive extra vierge, des cosm\u00e9tiques naturels et d'autres produits","og_url":"https:\/\/www.meldelperello.com\/fr\/produits\/","og_site_name":"L&#039;Avi Llu\u00eds","article_publisher":"https:\/\/www.facebook.com\/avi.lluis\/","article_modified_time":"2023-11-10T10:01:25+00:00","og_image":[{"width":300,"height":300,"url":"https:\/\/www.meldelperello.com\/wp-content\/uploads\/2022\/03\/Mel-de-lAvi-Llui\u0301s-gener-2020-Farigola-250g.jpg","type":"image\/jpeg"}],"twitter_card":"summary_large_image","twitter_misc":{"Dur\u00e9e de lecture estim\u00e9e":"3 minutes"},"schema":{"@context":"https:\/\/schema.org","@graph":[{"@type":"WebPage","@id":"https:\/\/www.meldelperello.com\/fr\/produits\/","url":"https:\/\/www.meldelperello.com\/fr\/produits\/","name":"PRODUITS - L&#039;Avi Llu\u00eds","isPartOf":{"@id":"https:\/\/www.meldelperello.com\/fr\/#website"},"primaryImageOfPage":{"@id":"https:\/\/www.meldelperello.com\/fr\/produits\/#primaryimage"},"image":{"@id":"https:\/\/www.meldelperello.com\/fr\/produits\/#primaryimage"},"thumbnailUrl":"https:\/\/www.meldelperello.com\/wp-content\/uploads\/2022\/03\/Mel-de-lAvi-Llui\u0301s-gener-2020-Farigola-250g.jpg","datePublished":"2022-02-22T16:04:02+00:00","dateModified":"2023-11-10T10:01:25+00:00","description":"Achetez des produits Avi Llu\u00eds, du miel, du pollen, de la propolis, de la gel\u00e9e royale, de l'huile d'olive extra vierge, des cosm\u00e9tiques naturels et d'autres produits","breadcrumb":{"@id":"https:\/\/www.meldelperello.com\/fr\/produits\/#breadcrumb"},"inLanguage":"fr-FR","potentialAction":[{"@type":"ReadAction","target":["https:\/\/www.meldelperello.com\/fr\/produits\/"]}]},{"@type":"ImageObject","inLanguage":"fr-FR","@id":"https:\/\/www.meldelperello.com\/fr\/produits\/#primaryimage","url":"https:\/\/www.meldelperello.com\/wp-content\/uploads\/2022\/03\/Mel-de-lAvi-Llui\u0301s-gener-2020-Farigola-250g.jpg","contentUrl":"https:\/\/www.meldelperello.com\/wp-content\/uploads\/2022\/03\/Mel-de-lAvi-Llui\u0301s-gener-2020-Farigola-250g.jpg","width":300,"height":300,"caption":"mel avi lluis perello baix ebre catalunya - miel abejas panal natural eco"},{"@type":"BreadcrumbList","@id":"https:\/\/www.meldelperello.com\/fr\/produits\/#breadcrumb","itemListElement":[{"@type":"ListItem","position":1,"name":"Inici","item":"https:\/\/www.meldelperello.com\/fr\/"},{"@type":"ListItem","position":2,"name":"PRODUITS"}]},{"@type":"WebSite","@id":"https:\/\/www.meldelperello.com\/fr\/#website","url":"https:\/\/www.meldelperello.com\/fr\/","name":"L&#039;Avi Llu\u00eds","description":"Apicultors i productors de mel natural, pura i artesana","publisher":{"@id":"https:\/\/www.meldelperello.com\/fr\/#organization"},"potentialAction":[{"@type":"SearchAction","target":{"@type":"EntryPoint","urlTemplate":"https:\/\/www.meldelperello.com\/fr\/?s={search_term_string}"},"query-input":{"@type":"PropertyValueSpecification","valueRequired":true,"valueName":"search_term_string"}}],"inLanguage":"fr-FR"},{"@type":"Organization","@id":"https:\/\/www.meldelperello.com\/fr\/#organization","name":"L'Avi Llu\u00eds","url":"https:\/\/www.meldelperello.com\/fr\/","logo":{"@type":"ImageObject","inLanguage":"fr-FR","@id":"https:\/\/www.meldelperello.com\/fr\/#\/schema\/logo\/image\/","url":"https:\/\/www.meldelperello.com\/wp-content\/uploads\/2022\/02\/logo.svg","contentUrl":"https:\/\/www.meldelperello.com\/wp-content\/uploads\/2022\/02\/logo.svg","width":137,"height":121,"caption":"L'Avi Llu\u00eds"},"image":{"@id":"https:\/\/www.meldelperello.com\/fr\/#\/schema\/logo\/image\/"},"sameAs":["https:\/\/www.facebook.com\/avi.lluis\/","https:\/\/www.instagram.com\/avilluis_meldelperello\/","https:\/\/www.youtube.com\/c\/MeldelperelloAviLluis"]}]}},"_links":{"self":[{"href":"https:\/\/www.meldelperello.com\/fr\/wp-json\/wp\/v2\/pages\/10423","targetHints":{"allow":["GET"]}}],"collection":[{"href":"https:\/\/www.meldelperello.com\/fr\/wp-json\/wp\/v2\/pages"}],"about":[{"href":"https:\/\/www.meldelperello.com\/fr\/wp-json\/wp\/v2\/types\/page"}],"author":[{"embeddable":true,"href":"https:\/\/www.meldelperello.com\/fr\/wp-json\/wp\/v2\/users\/1"}],"replies":[{"embeddable":true,"href":"https:\/\/www.meldelperello.com\/fr\/wp-json\/wp\/v2\/comments?post=10423"}],"version-history":[{"count":4,"href":"https:\/\/www.meldelperello.com\/fr\/wp-json\/wp\/v2\/pages\/10423\/revisions"}],"predecessor-version":[{"id":11265,"href":"https:\/\/www.meldelperello.com\/fr\/wp-json\/wp\/v2\/pages\/10423\/revisions\/11265"}],"wp:featuredmedia":[{"embeddable":true,"href":"https:\/\/www.meldelperello.com\/fr\/wp-json\/wp\/v2\/media\/8931"}],"wp:attachment":[{"href":"https:\/\/www.meldelperello.com\/fr\/wp-json\/wp\/v2\/media?parent=10423"}],"curies":[{"name":"wp","href":"https:\/\/api.w.org\/{rel}","templated":true}]}}